{"id":1755,"date":"2023-07-03T11:03:22","date_gmt":"2023-07-03T11:03:22","guid":{"rendered":"http:\/\/emigracioncastellanayleonesa.es\/?page_id=1755"},"modified":"2025-03-14T11:37:41","modified_gmt":"2025-03-14T11:37:41","slug":"publicaciones","status":"publish","type":"page","link":"http:\/\/emigracioncastellanayleonesa.es\/index.php\/publicaciones\/","title":{"rendered":"Publicaciones"},"content":{"rendered":"\t\t<div data-elementor-type=\"wp-page\" data-elementor-id=\"1755\" class=\"elementor elementor-1755\" data-elementor-post-type=\"page\">\n\t\t\t\t\t\t<section class=\"elementor-section elementor-top-section elementor-element elementor-element-881ecfe elementor-section-boxed elementor-section-height-default elementor-section-height-default\" data-id=\"881ecfe\" data-element_type=\"section\">\n\t\t\t\t\t\t<div class=\"elementor-container elementor-column-gap-default\">\n\t\t\t\t\t<div class=\"elementor-column elementor-col-100 elementor-top-column elementor-element elementor-element-b7defaa\" data-id=\"b7defaa\" data-element_type=\"column\">\n\t\t\t<div class=\"elementor-widget-wrap elementor-element-populated\">\n\t\t\t\t\t\t<div class=\"elementor-element elementor-element-c364a12 elementor-widget elementor-widget-spacer\" data-id=\"c364a12\" data-element_type=\"widget\" data-widget_type=\"spacer.default\">\n\t\t\t\t<div class=\"elementor-widget-container\">\n\t\t\t<style>\/*! elementor - v3.22.0 - 17-06-2024 *\/\n.elementor-column .elementor-spacer-inner{height:var(--spacer-size)}.e-con{--container-widget-width:100%}.e-con-inner>.elementor-widget-spacer,.e-con>.elementor-widget-spacer{width:var(--container-widget-width,var(--spacer-size));--align-self:var(--container-widget-align-self,initial);--flex-shrink:0}.e-con-inner>.elementor-widget-spacer>.elementor-widget-container,.e-con>.elementor-widget-spacer>.elementor-widget-container{height:100%;width:100%}.e-con-inner>.elementor-widget-spacer>.elementor-widget-container>.elementor-spacer,.e-con>.elementor-widget-spacer>.elementor-widget-container>.elementor-spacer{height:100%}.e-con-inner>.elementor-widget-spacer>.elementor-widget-container>.elementor-spacer>.elementor-spacer-inner,.e-con>.elementor-widget-spacer>.elementor-widget-container>.elementor-spacer>.elementor-spacer-inner{height:var(--container-widget-height,var(--spacer-size))}.e-con-inner>.elementor-widget-spacer.elementor-widget-empty,.e-con>.elementor-widget-spacer.elementor-widget-empty{position:relative;min-height:22px;min-width:22px}.e-con-inner>.elementor-widget-spacer.elementor-widget-empty .elementor-widget-empty-icon,.e-con>.elementor-widget-spacer.elementor-widget-empty .elementor-widget-empty-icon{position:absolute;top:0;bottom:0;left:0;right:0;margin:auto;padding:0;width:22px;height:22px}<\/style>\t\t<div class=\"elementor-spacer\">\n\t\t\t<div class=\"elementor-spacer-inner\"><\/div>\n\t\t<\/div>\n\t\t\t\t<\/div>\n\t\t\t\t<\/div>\n\t\t\t\t\t<\/div>\n\t\t<\/div>\n\t\t\t\t\t<\/div>\n\t\t<\/section>\n\t\t\t\t<section class=\"elementor-section elementor-top-section elementor-element elementor-element-2814d0b8 elementor-section-boxed elementor-section-height-default elementor-section-height-default\" data-id=\"2814d0b8\" data-element_type=\"section\">\n\t\t\t\t\t\t<div class=\"elementor-container elementor-column-gap-default\">\n\t\t\t\t\t<div class=\"elementor-column elementor-col-100 elementor-top-column elementor-element elementor-element-5300a08c\" data-id=\"5300a08c\" data-element_type=\"column\">\n\t\t\t<div class=\"elementor-widget-wrap elementor-element-populated\">\n\t\t\t\t\t\t<div class=\"elementor-element elementor-element-4d3a5ac0 elementor-widget elementor-widget-text-editor\" data-id=\"4d3a5ac0\" data-element_type=\"widget\" data-widget_type=\"text-editor.default\">\n\t\t\t\t<div class=\"elementor-widget-container\">\n\t\t\t<style>\/*! elementor - v3.22.0 - 17-06-2024 *\/\n.elementor-widget-text-editor.elementor-drop-cap-view-stacked .elementor-drop-cap{background-color:#69727d;color:#fff}.elementor-widget-text-editor.elementor-drop-cap-view-framed .elementor-drop-cap{color:#69727d;border:3px solid;background-color:transparent}.elementor-widget-text-editor:not(.elementor-drop-cap-view-default) .elementor-drop-cap{margin-top:8px}.elementor-widget-text-editor:not(.elementor-drop-cap-view-default) .elementor-drop-cap-letter{width:1em;height:1em}.elementor-widget-text-editor .elementor-drop-cap{float:left;text-align:center;line-height:1;font-size:50px}.elementor-widget-text-editor .elementor-drop-cap-letter{display:inline-block}<\/style>\t\t\t\t<p><!-- wp:table --><\/p>\n<figure class=\"wp-block-table\">\n<table>\n<tbody>\n\n<tr>\n<td><img fetchpriority=\"high\" decoding=\"async\" class=\"alignnone size-medium wp-image-2222\" src=\"http:\/\/emigracioncastellanayleonesa.es\/wp-content\/uploads\/2025\/03\/portada_2024_II_Premio_Memoria_de_la_Emigracion-scaled.jpg\" alt=\"\" width=\"213\" height=\"300\" \/><\/td>\n<td>\n<p><strong>2024 II Premio Memoria de la Emigraci\u00f3n Espa\u00f1ola<\/strong><\/p>\n<p>Blanco, Juan Andr\u00e9s; Dacosta, Arsenio; Rodr\u00edguez, Jos\u00e9 Julio; Delgado, Jos\u00e9. II Premio Memoria de la Emigraci\u00f3n Espa\u00f1ola. NIPO: 121-24-041-8. Madrid: Ministerio de Inclusi\u00f3n, Seguridad Social y Migraciones, 2024.<strong><br \/><\/strong><a href=\"http:\/\/emigracioncastellanayleonesa.es\/wp-content\/uploads\/2025\/03\/2024_II_Premio_Memoria_de_la_Emigracion.pdf\"><strong>DESCARGAR<\/strong><\/a><\/p>\n<\/td>\n<\/tr>\n\n\n<tr>\n<td><img decoding=\"async\" class=\"alignnone size-medium wp-image-2222\" src=\"http:\/\/emigracioncastellanayleonesa.es\/wp-content\/uploads\/2024\/11\/2024-I-Premio-Memoria-Escolar-Rural_Pagina_001-scaled.jpg\" alt=\"\" width=\"213\" height=\"300\" \/><\/td>\n<td>\n<p><strong>2023 I Premio Memoria Escolar Rural<\/strong><\/p>\n<p>Dacosta, Arsenio (ed.). I Premio Memoria Escolar Rural, 2024.<strong><br \/><\/strong><a href=\"http:\/\/emigracioncastellanayleonesa.es\/wp-content\/uploads\/2024\/11\/2024-I-Premio-Memoria-Escolar-Rural.pdf\"><strong>DESCARGAR<\/strong><\/a><\/p>\n<\/td>\n<\/tr>\n<tr>\n<td><img decoding=\"async\" class=\"alignnone size-medium wp-image-2222\" src=\"http:\/\/emigracioncastellanayleonesa.es\/wp-content\/uploads\/2024\/08\/Paginas-desdeII-Premio-Memoria-de-la-emigracion-Zamorana.jpg\" alt=\"\" width=\"213\" height=\"300\" \/><\/td>\n<td>\n<p><strong>2023 II Premio Memoria de la Emigraci\u00f3n Zamorana (Relato y Vinculaci\u00f3n)<\/strong><\/p>\n<p>Delgado, Jos\u00e9; Dacosta, Arsenio (coords.). Memoria de la Emigraci\u00f3n Zamorana. Relato y vinculaci\u00f3n. Madrid: Doce Calles, 2024.<strong><br \/><\/strong><a href=\"http:\/\/emigracioncastellanayleonesa.es\/wp-content\/uploads\/2024\/08\/II-Premio-Memoria-de-la-emigracion-Zamorana-baja.pdf\"><strong>DESCARGAR<\/strong><\/a><\/p>\n<\/td>\n<\/tr>\n<tr>\n<td><img loading=\"lazy\" decoding=\"async\" class=\"alignnone size-medium wp-image-2222\" src=\"http:\/\/emigracioncastellanayleonesa.es\/wp-content\/uploads\/2023\/10\/2023-I-Premio-version-digital-premiados.png\" alt=\"\" width=\"213\" height=\"300\" \/><\/td>\n<td>\n<p><strong>2023 I Premio Memoria de la Emigraci\u00f3n Espa\u00f1ola (volumen premiados)<\/strong><\/p>\n<p>Blanco, Juan Andr\u00e9s; Dacosta, Arsenio; Rodr\u00edguez, Jos\u00e9 Julio; Fern\u00e1ndez, Jos\u00e9 (eds.). I Premio Memoria de la Emigraci\u00f3n Espa\u00f1ola. NIPO 121-23-032-7. Madrid: Ministerio de Inclusi\u00f3n, Trabajo y Seguridad Social \/ UNED, 2023. 272 pp.<strong><br \/><\/strong><a href=\"http:\/\/emigracioncastellanayleonesa.es\/wp-content\/uploads\/2023\/10\/2023-I-Premio-version-digital-premiados.pdf\"><strong>DESCARGAR<\/strong><\/a><\/p>\n<\/td>\n<\/tr>\n<tr>\n<td><img loading=\"lazy\" decoding=\"async\" class=\"alignnone size-medium wp-image-2222\" src=\"http:\/\/emigracioncastellanayleonesa.es\/wp-content\/uploads\/2023\/10\/2023-I-Premio-Memoria-de-la-Emigracion-Espanola-completo.png\" alt=\"\" width=\"213\" height=\"300\" \/><\/td>\n<td>\n<p><strong>2023 I Premio Memoria de la Emigraci\u00f3n Espa\u00f1ola<\/strong><\/p>\n<p>Blanco, Juan Andr\u00e9s; Dacosta, Arsenio; Rodr\u00edguez, Jos\u00e9 Julio. \u00abLa memoria en la historia de la emigraci\u00f3n espa\u00f1ola\u00bb, en I Premio Memoria de la Emigraci\u00f3n Espa\u00f1ola. NIPO: 121-23-031-1. Madrid: Ministerio de Inclusi\u00f3n, Seguridad Social y Migraciones, 2023, pp. 6-13.<br \/><a href=\"http:\/\/emigracioncastellanayleonesa.es\/wp-content\/uploads\/2023\/10\/2023-I-Premio-Memoria-de-la-Emigracion-Espanola-completo.pdf\"><strong>DESCARGAR<\/strong><\/a><\/p>\n<\/td>\n<\/tr>\n<tr>\n<td><img loading=\"lazy\" decoding=\"async\" class=\"alignnone size-medium wp-image-2222\" src=\"http:\/\/emigracioncastellanayleonesa.es\/wp-content\/uploads\/2023\/10\/2023-I-Premio-Memoria-de-la-Emigracion-Espanola-completo.png\" alt=\"\" width=\"213\" height=\"300\" \/><\/td>\n<td>\n<p><strong>2023 I Premio Memoria de la Emigraci\u00f3n Espa\u00f1ola (Volumen general)<\/strong><\/p>\n<p>Blanco, Juan Andr\u00e9s; Dacosta, Arsenio; Rodr\u00edguez, Jos\u00e9 Julio; Delgado, Jos\u00e9. <em>I Premio Memoria de la Emigraci\u00f3n Espa\u00f1ola<\/em>. NIPO: 121-23-031-1. Madrid: Ministerio de Inclusi\u00f3n, Seguridad Social y Migraciones, 2023.<br \/><a href=\"http:\/\/emigracioncastellanayleonesa.es\/wp-content\/uploads\/2023\/10\/2023-I-Premio-Memoria-de-la-Emigracion-Espanola-completo.pdf\"><strong>DESCARGAR<\/strong><\/a><\/p>\n<\/td>\n<\/tr>\n<tr>\n<td><img loading=\"lazy\" decoding=\"async\" class=\"alignnone size-medium wp-image-2222\" src=\"http:\/\/emigracioncastellanayleonesa.es\/wp-content\/uploads\/2023\/10\/trrdytuvtursvion-y-ajustes-del-asociacionismo-213x300.png\" alt=\"\" width=\"213\" height=\"300\" srcset=\"http:\/\/emigracioncastellanayleonesa.es\/wp-content\/uploads\/2023\/10\/trrdytuvtursvion-y-ajustes-del-asociacionismo-213x300.png 213w, http:\/\/emigracioncastellanayleonesa.es\/wp-content\/uploads\/2023\/10\/trrdytuvtursvion-y-ajustes-del-asociacionismo.png 485w\" sizes=\"(max-width: 213px) 100vw, 213px\" \/><\/td>\n<td><strong>Reestructuraci\u00f3n y ajustes del asociacionismo<br \/><\/strong><a href=\"http:\/\/emigracioncastellanayleonesa.es\/wp-content\/uploads\/2023\/10\/2022_Reestructuracion_y_ajustes_del_asoc.pdf\"><strong>DESCARGAR<\/strong><\/a><\/td>\n<\/tr>\n<tr>\n<td><img loading=\"lazy\" decoding=\"async\" class=\"alignnone size-medium wp-image-2221\" src=\"http:\/\/emigracioncastellanayleonesa.es\/wp-content\/uploads\/2023\/10\/resignaciones-etnicas-entre-los-emigrantes-213x300.png\" alt=\"\" width=\"213\" height=\"300\" srcset=\"http:\/\/emigracioncastellanayleonesa.es\/wp-content\/uploads\/2023\/10\/resignaciones-etnicas-entre-los-emigrantes-213x300.png 213w, http:\/\/emigracioncastellanayleonesa.es\/wp-content\/uploads\/2023\/10\/resignaciones-etnicas-entre-los-emigrantes.png 486w\" sizes=\"(max-width: 213px) 100vw, 213px\" \/><\/td>\n<td><strong>Resignificaciones \u00e9tnicas entre los emigrantes<br \/><\/strong><strong><a href=\"http:\/\/emigracioncastellanayleonesa.es\/wp-content\/uploads\/2023\/10\/2022_Resignifiaciones_etnicas_entre_los.pdf\">DESCARGAR<\/a><\/strong><\/td>\n<\/tr>\n<tr>\n<td><img loading=\"lazy\" decoding=\"async\" class=\"alignnone size-medium wp-image-2291\" src=\"http:\/\/emigracioncastellanayleonesa.es\/wp-content\/uploads\/2023\/11\/100-anos-de-Zamora-en-Argentina.-El-Centro-Zamorano-de-Buenos-Aires-209x300.jpg\" alt=\"\" width=\"209\" height=\"300\" srcset=\"http:\/\/emigracioncastellanayleonesa.es\/wp-content\/uploads\/2023\/11\/100-anos-de-Zamora-en-Argentina.-El-Centro-Zamorano-de-Buenos-Aires-209x300.jpg 209w, http:\/\/emigracioncastellanayleonesa.es\/wp-content\/uploads\/2023\/11\/100-anos-de-Zamora-en-Argentina.-El-Centro-Zamorano-de-Buenos-Aires.jpg 327w\" sizes=\"(max-width: 209px) 100vw, 209px\" \/><\/td>\n<td>\n<p><strong>100 a\u00f1os de Zamora en Argentina. El Centro Zamorano de Buenos Aires<\/strong><\/p>\n<p>Blanco Rodr\u00edguez, Juan Andr\u00e9s, et alii (eds.), 100 a\u00f1os de Zamora en Argentina. El Centro Zamorano de Buenos Aires. ISBN 978-84-9744-458-3. Madrid: Doce Calles, 2023.<br \/><a href=\"http:\/\/emigracioncastellanayleonesa.es\/wp-content\/uploads\/2023\/11\/2023_El_Centro_Zamorano_de_Buenos_Aires.pdf\"><strong>DESCARGAR<\/strong><\/a><\/p>\n<\/td>\n<\/tr>\n<tr>\n<td><img loading=\"lazy\" decoding=\"async\" class=\"alignnone size-medium wp-image-2296\" src=\"http:\/\/emigracioncastellanayleonesa.es\/wp-content\/uploads\/2023\/11\/Migrantes-castellanos-y-leoneses-en-La-Habana-300x275.png\" alt=\"\" width=\"300\" height=\"275\" srcset=\"http:\/\/emigracioncastellanayleonesa.es\/wp-content\/uploads\/2023\/11\/Migrantes-castellanos-y-leoneses-en-La-Habana-300x275.png 300w, http:\/\/emigracioncastellanayleonesa.es\/wp-content\/uploads\/2023\/11\/Migrantes-castellanos-y-leoneses-en-La-Habana.png 752w\" sizes=\"(max-width: 300px) 100vw, 300px\" \/><\/td>\n<td>\n<p><strong>Migrantes castellanos y leoneses en La Habana<\/strong><\/p>\n<p>Blanco Rodr\u00edguez, Juan Andr\u00e9s (coord.). <em>Migrantes castellanos y leoneses en La Habana. 500 a\u00f1os de relaci\u00f3n<\/em>. Madrid: Doce Calles; Junta de Castilla y Le\u00f3n, 2023<\/p>\n<p><strong><a href=\"http:\/\/emigracioncastellanayleonesa.es\/wp-content\/uploads\/2024\/06\/Muestra_PDF_Castellanos-y-leoneses_reducido.pdf\">DESCARGAR<\/a><\/strong><\/p>\n<\/td>\n<\/tr>\n<tr>\n<td><img loading=\"lazy\" decoding=\"async\" class=\"alignnone size-medium wp-image-2220\" src=\"http:\/\/emigracioncastellanayleonesa.es\/wp-content\/uploads\/2023\/10\/VI-premio-memoria-emigracion-castellana-y-leonesa-193x300.webp\" alt=\"\" width=\"193\" height=\"300\" srcset=\"http:\/\/emigracioncastellanayleonesa.es\/wp-content\/uploads\/2023\/10\/VI-premio-memoria-emigracion-castellana-y-leonesa-193x300.webp 193w, http:\/\/emigracioncastellanayleonesa.es\/wp-content\/uploads\/2023\/10\/VI-premio-memoria-emigracion-castellana-y-leonesa-660x1024.webp 660w, http:\/\/emigracioncastellanayleonesa.es\/wp-content\/uploads\/2023\/10\/VI-premio-memoria-emigracion-castellana-y-leonesa-768x1192.webp 768w, http:\/\/emigracioncastellanayleonesa.es\/wp-content\/uploads\/2023\/10\/VI-premio-memoria-emigracion-castellana-y-leonesa.webp 903w\" sizes=\"(max-width: 193px) 100vw, 193px\" \/><\/td>\n<td>\n<p><strong>VI Premio Memoria Emigraci\u00f3n castellana y leonesa<\/strong><\/p>\n<p>Blanco Rodr\u00edguez, Juan Andr\u00e9s, et alii (eds.). VI Premio Memoria de la emigraci\u00f3n castellana y leonesa. Zamora: UNED Zamora, Junta de Castilla y Le\u00f3n, 2020. ISBN. 978-84-09-26756-9<br \/><strong><a href=\"http:\/\/emigracioncastellanayleonesa.es\/wp-content\/uploads\/2023\/10\/2020_VI_Premio_Memoria_Emigracion_castel.pdf\">DESCARGAR<\/a><\/strong><\/p>\n<\/td>\n<\/tr>\n<tr>\n<td><img loading=\"lazy\" decoding=\"async\" class=\"alignnone size-medium wp-image-2219\" src=\"http:\/\/emigracioncastellanayleonesa.es\/wp-content\/uploads\/2023\/10\/castellanos-y-leoneses-en-america-narracion-biografica-213x300.webp\" alt=\"\" width=\"213\" height=\"300\" srcset=\"http:\/\/emigracioncastellanayleonesa.es\/wp-content\/uploads\/2023\/10\/castellanos-y-leoneses-en-america-narracion-biografica-213x300.webp 213w, http:\/\/emigracioncastellanayleonesa.es\/wp-content\/uploads\/2023\/10\/castellanos-y-leoneses-en-america-narracion-biografica.webp 643w\" sizes=\"(max-width: 213px) 100vw, 213px\" \/><\/td>\n<td>\n<p><strong>Castellanos y leoneses en Am\u00e9rica: narraci\u00f3n biogr\u00e1fica y practicas de identificaci\u00f3n<\/strong><\/p>\n<p>Dacosta, Arsenio. Castellanos y leoneses en Am\u00e9rica: narraci\u00f3n biogr\u00e1fica y pr\u00e1cticas de identificaci\u00f3n. Salamanca: Ediciones Universidad de Salamanca, 2020. ISBN: 978-84-1311-357-9<br \/><strong><a href=\"http:\/\/emigracioncastellanayleonesa.es\/wp-content\/uploads\/2023\/10\/2020_Castellanos_y_leoneses_en_America_n.pdf\">DESCARGAR<\/a><\/strong><\/p>\n<\/td>\n<\/tr>\n<tr>\n<td><img loading=\"lazy\" decoding=\"async\" class=\"alignnone size-medium wp-image-2292\" src=\"http:\/\/emigracioncastellanayleonesa.es\/wp-content\/uploads\/2023\/11\/El-asociacionismo-espanol-de-una-emigracion-diferenciada-209x300.jpg\" alt=\"\" width=\"209\" height=\"300\" srcset=\"http:\/\/emigracioncastellanayleonesa.es\/wp-content\/uploads\/2023\/11\/El-asociacionismo-espanol-de-una-emigracion-diferenciada-209x300.jpg 209w, http:\/\/emigracioncastellanayleonesa.es\/wp-content\/uploads\/2023\/11\/El-asociacionismo-espanol-de-una-emigracion-diferenciada.jpg 380w\" sizes=\"(max-width: 209px) 100vw, 209px\" \/><\/td>\n<td>\n<p><strong>El asociacionismo espa\u00f1ol de una emigraci\u00f3n diferenciada<\/strong><\/p>\n<p>Dacosta, Arsenio.; Blanco Rodr\u00edguez, Juan Andr\u00e9s (coords.). El asociacionismo espa\u00f1ol de una emigraci\u00f3n diferenciada. Madrid: Polifemo, 2020. ISBN 9788416335701<br \/><a href=\"http:\/\/emigracioncastellanayleonesa.es\/wp-content\/uploads\/2023\/11\/2020_El_asociacionismo_espanol_de_una_em.pdf\"><strong>DESCARGAR<\/strong><\/a><\/p>\n<\/td>\n<\/tr>\n<tr>\n<td><img loading=\"lazy\" decoding=\"async\" class=\"alignnone size-medium wp-image-2218\" src=\"http:\/\/emigracioncastellanayleonesa.es\/wp-content\/uploads\/2023\/10\/un-siglo-de-una-asociacion-resistente-214x300.png\" alt=\"\" width=\"214\" height=\"300\" srcset=\"http:\/\/emigracioncastellanayleonesa.es\/wp-content\/uploads\/2023\/10\/un-siglo-de-una-asociacion-resistente-214x300.png 214w, http:\/\/emigracioncastellanayleonesa.es\/wp-content\/uploads\/2023\/10\/un-siglo-de-una-asociacion-resistente.png 484w\" sizes=\"(max-width: 214px) 100vw, 214px\" \/><\/td>\n<td>\n<p><strong>Un siglo de una asociaci\u00f3n resistente: el Club Villarino de La Habana (1919-2019)<\/strong><\/p>\n<p>Blanco Rodr\u00edguez, Juan Andr\u00e9s; S\u00e1nchez Dom\u00ednguez, Juan Andr\u00e9s y Dacosta, Arsenio, Un siglo de una asociaci\u00f3n resistente: el Club Villarino de La Habana (1919-2019), Centro de Estudios de la Emigraci\u00f3n Castellana y Leonesa, UNED Zamora, Zamora, 2020. ISBN 978-84-09-21069-5<br \/><strong><a href=\"http:\/\/emigracioncastellanayleonesa.es\/wp-content\/uploads\/2023\/10\/2020_Un_siglo_de_una_asociacion_resisten.pdf\">DESCARGAR<\/a><\/strong><\/p>\n<\/td>\n<\/tr>\n<tr>\n<td><img loading=\"lazy\" decoding=\"async\" class=\"alignnone size-medium wp-image-2217\" src=\"http:\/\/emigracioncastellanayleonesa.es\/wp-content\/uploads\/2023\/10\/castilla-y-leon-en-la-habana-300x297.webp\" alt=\"\" width=\"300\" height=\"297\" srcset=\"http:\/\/emigracioncastellanayleonesa.es\/wp-content\/uploads\/2023\/10\/castilla-y-leon-en-la-habana-300x297.webp 300w, http:\/\/emigracioncastellanayleonesa.es\/wp-content\/uploads\/2023\/10\/castilla-y-leon-en-la-habana-150x150.webp 150w, http:\/\/emigracioncastellanayleonesa.es\/wp-content\/uploads\/2023\/10\/castilla-y-leon-en-la-habana-768x761.webp 768w, http:\/\/emigracioncastellanayleonesa.es\/wp-content\/uploads\/2023\/10\/castilla-y-leon-en-la-habana.webp 904w\" sizes=\"(max-width: 300px) 100vw, 300px\" \/><\/td>\n<td>\n<p><strong>Castilla y Le\u00f3n en La Habana<\/strong><\/p>\n<p>Blanco, J.A., Garc\u00eda \u00c1lvarez, A.; \u00c1lvarez, J.-M.; Dacosta, A. La atracci\u00f3n de una ciudad cosmopolita: castellanos y leoneses en La Habana. Zamora: Junta de Castilla y Le\u00f3n \/ UNED Zamora \/ Centro de Estudios de la Emigraci\u00f3n Castellana y Leonesa, 2019. ISBN: 978-84-09-17349-5.<br \/><strong><a href=\"http:\/\/emigracioncastellanayleonesa.es\/wp-content\/uploads\/2023\/10\/2019_Castilla_y_Leon_en_La_Habana_index.pdf\">DESCARGAR<\/a><\/strong><\/p>\n<\/td>\n<\/tr>\n<tr>\n<td><img loading=\"lazy\" decoding=\"async\" class=\"alignnone wp-image-2020\" src=\"http:\/\/emigracioncastellanayleonesa.es\/wp-content\/uploads\/2023\/07\/2018-V-Premio-Memoria-de-la-Emigracion-201x300.jpg\" alt=\"\" width=\"497\" height=\"732\" \/><\/td>\n<td>\n<p><strong>V Premio<br \/><\/strong><strong>Memoria de la emigraci\u00f3n Castellana y Leonesa<\/strong><\/p>\n<p>Blanco Rodr\u00edguez, Juan Andr\u00e9s et alii (eds.), V Premio Memoria de la Emigraci\u00f3n Castellana y Leonesa. Zamora: Junta de Castilla y Le\u00f3n, 2018. ISBN: 978-84-617-4492-3<br \/><strong><a href=\"http:\/\/emigracioncastellanayleonesa.es\/wp-content\/uploads\/2023\/07\/2018-V-Premio-Memoria-de-la-Emigracion.pdf\">DESCARGAR<\/a><\/strong><\/p>\n<\/td>\n<\/tr>\n<tr>\n<td><img loading=\"lazy\" decoding=\"async\" class=\"alignnone size-medium wp-image-2294\" src=\"http:\/\/emigracioncastellanayleonesa.es\/wp-content\/uploads\/2023\/11\/Memorias-de-Francisco-J.-Sanchez-Tamame-206x300.png\" alt=\"\" width=\"206\" height=\"300\" srcset=\"http:\/\/emigracioncastellanayleonesa.es\/wp-content\/uploads\/2023\/11\/Memorias-de-Francisco-J.-Sanchez-Tamame-206x300.png 206w, http:\/\/emigracioncastellanayleonesa.es\/wp-content\/uploads\/2023\/11\/Memorias-de-Francisco-J.-Sanchez-Tamame.png 322w\" sizes=\"(max-width: 206px) 100vw, 206px\" \/><\/td>\n<td>\n<p><strong>Memorias de Francisco J. S\u00e1nchez Tamame<\/strong><\/p>\n<p>S\u00e1nchez Tamame, Francisco J. Memoria de mi vida. Ed. de Juan Andr\u00e9s Blanco, Arsenio Dacosta y Rub\u00e9n S\u00e1nchez. ISBN: 978-84-617-4578-4. Zamora: UNED Zamora, 2016.<br \/><a href=\"http:\/\/emigracioncastellanayleonesa.es\/wp-content\/uploads\/2023\/11\/2016_Memorias_de_Francisco_J_Sanchez_Tam.pdf\"><strong>DESCARGAR<\/strong><\/a><\/p>\n<\/td>\n<\/tr>\n<tr>\n<td><img loading=\"lazy\" decoding=\"async\" class=\"alignnone size-medium wp-image-2021\" src=\"http:\/\/emigracioncastellanayleonesa.es\/wp-content\/uploads\/2023\/07\/discursosIdentitarios-212x300.jpg\" alt=\"\" width=\"212\" height=\"300\" srcset=\"http:\/\/emigracioncastellanayleonesa.es\/wp-content\/uploads\/2023\/07\/discursosIdentitarios-212x300.jpg 212w, http:\/\/emigracioncastellanayleonesa.es\/wp-content\/uploads\/2023\/07\/discursosIdentitarios-725x1024.jpg 725w, http:\/\/emigracioncastellanayleonesa.es\/wp-content\/uploads\/2023\/07\/discursosIdentitarios-768x1085.jpg 768w, http:\/\/emigracioncastellanayleonesa.es\/wp-content\/uploads\/2023\/07\/discursosIdentitarios-1087x1536.jpg 1087w, http:\/\/emigracioncastellanayleonesa.es\/wp-content\/uploads\/2023\/07\/discursosIdentitarios-1450x2048.jpg 1450w, http:\/\/emigracioncastellanayleonesa.es\/wp-content\/uploads\/2023\/07\/discursosIdentitarios-scaled.jpg 1812w\" sizes=\"(max-width: 212px) 100vw, 212px\" \/><\/td>\n<td>\n<p><strong>Los discursos\u00a0<em>identitarios<\/em>\u00a0de las Casas de Zamora y Le\u00f3n en Madrid<\/strong><\/p>\n<p>\u00c1lvarez Dom\u00ednguez, Juan-Miguel. Los discursos identitarios de las Casas de Zamora y Le\u00f3n en Madrid. Estudio diacr\u00f3nico y comparativao (1929-1985). ISBN: 978-84-608-6550-6. Zamora: UNED Zamora, 2016.<br \/><strong><a href=\"http:\/\/emigracioncastellanayleonesa.es\/wp-content\/uploads\/2023\/07\/2016Los_discursos_identitarios_de_las_Casas_de_Zamora_y_Leon_en_Madrid.pdf\">DESCARGAR<\/a><\/strong><\/p>\n<\/td>\n<\/tr>\n<tr>\n<td><img loading=\"lazy\" decoding=\"async\" class=\"alignnone size-medium wp-image-2293\" src=\"http:\/\/emigracioncastellanayleonesa.es\/wp-content\/uploads\/2023\/11\/La-Colonia-Zamorana-de-Cuba-historia-presente-y-futuro-208x300.jpg\" alt=\"\" width=\"208\" height=\"300\" srcset=\"http:\/\/emigracioncastellanayleonesa.es\/wp-content\/uploads\/2023\/11\/La-Colonia-Zamorana-de-Cuba-historia-presente-y-futuro-208x300.jpg 208w, http:\/\/emigracioncastellanayleonesa.es\/wp-content\/uploads\/2023\/11\/La-Colonia-Zamorana-de-Cuba-historia-presente-y-futuro.jpg 341w\" sizes=\"(max-width: 208px) 100vw, 208px\" \/><\/td>\n<td>\n<p><strong>La Colonia Zamorana de Cuba: historia, presente y futuro<\/strong><\/p>\n<p>Blanco, Juan Andr\u00e9s; Fern\u00e1ndez, M\u00aa A.; Rabanillo, Sergio (eds.). La Colonia Zamorana de Cuba: historia, presente y futuro. Zamora: Diputaci\u00f3n Provincial \/ Colonia Zamorana de Cuba \/ UNED Zamora \/ Centro de Estudios de la Emigraci\u00f3n Castellana y Leonesa, 2015.<br \/><a href=\"http:\/\/emigracioncastellanayleonesa.es\/wp-content\/uploads\/2023\/11\/2015_La_Colonia_Zamorana_de_Cuba.pdf\"><strong>DESCARGAR<\/strong><\/a><\/p>\n<\/td>\n<\/tr>\n<tr>\n<td><img loading=\"lazy\" decoding=\"async\" class=\"alignnone size-medium wp-image-2297\" src=\"http:\/\/emigracioncastellanayleonesa.es\/wp-content\/uploads\/2023\/11\/IV-premio-189x300.png\" alt=\"\" width=\"189\" height=\"300\" srcset=\"http:\/\/emigracioncastellanayleonesa.es\/wp-content\/uploads\/2023\/11\/IV-premio-189x300.png 189w, http:\/\/emigracioncastellanayleonesa.es\/wp-content\/uploads\/2023\/11\/IV-premio.png 319w\" sizes=\"(max-width: 189px) 100vw, 189px\" \/><\/td>\n<td>\n<p><strong>IV Premio Memoria de la Emigraci\u00f3n Castellana y Leonesa<\/strong><\/p>\n<p>Blanco Rodr\u00edguez, Juan Andr\u00e9s (ed.), IV Premio Memoria de la Emigraci\u00f3n Castellana y Leonesa. ISBN: 978-84-616-8197-6. Zamora: Junta de Castilla y Le\u00f3n, 2013.<br \/><a href=\"http:\/\/emigracioncastellanayleonesa.es\/wp-content\/uploads\/2023\/11\/2013_IV_Premio_Memoria_de_la_emigracion.pdf\"><strong>DESCARGAR<\/strong><\/a><\/p>\n<\/td>\n<\/tr>\n<tr>\n<td><img loading=\"lazy\" decoding=\"async\" class=\"alignnone size-medium wp-image-2019\" src=\"http:\/\/emigracioncastellanayleonesa.es\/wp-content\/uploads\/2023\/07\/2014_El_asociacionismo_en_la_emigracion-216x300.jpg\" alt=\"\" width=\"216\" height=\"300\" srcset=\"http:\/\/emigracioncastellanayleonesa.es\/wp-content\/uploads\/2023\/07\/2014_El_asociacionismo_en_la_emigracion-216x300.jpg 216w, http:\/\/emigracioncastellanayleonesa.es\/wp-content\/uploads\/2023\/07\/2014_El_asociacionismo_en_la_emigracion-739x1024.jpg 739w, http:\/\/emigracioncastellanayleonesa.es\/wp-content\/uploads\/2023\/07\/2014_El_asociacionismo_en_la_emigracion-768x1065.jpg 768w, http:\/\/emigracioncastellanayleonesa.es\/wp-content\/uploads\/2023\/07\/2014_El_asociacionismo_en_la_emigracion-1108x1536.jpg 1108w, http:\/\/emigracioncastellanayleonesa.es\/wp-content\/uploads\/2023\/07\/2014_El_asociacionismo_en_la_emigracion-1477x2048.jpg 1477w, http:\/\/emigracioncastellanayleonesa.es\/wp-content\/uploads\/2023\/07\/2014_El_asociacionismo_en_la_emigracion-scaled.jpg 1846w\" sizes=\"(max-width: 216px) 100vw, 216px\" \/><\/td>\n<td>\n<p><strong>El asociacionismo de la emigraci\u00f3n espa\u00f1ola en el exterior: significaci\u00f3n y vinculaciones<\/strong><\/p>\n<p>Dacosta, Arsenio.; Blanco Rodr\u00edguez, Juan Andr\u00e9s (coords.). El asociacionismo de la emigraci\u00f3n espa\u00f1ola en el exterior: significaci\u00f3n y vinculaciones. Madrid: S\u00edlex, 2014. ISBN 978-84-7737-867-9<br \/><strong><a href=\"http:\/\/emigracioncastellanayleonesa.es\/wp-content\/uploads\/2023\/07\/2014_El_asociacionismo_en_la_emigracion.pdf\">DESCARGAR<\/a><\/strong><\/p>\n<\/td>\n<\/tr>\n<tr>\n<td><img loading=\"lazy\" decoding=\"async\" class=\"alignnone size-medium wp-image-2018\" src=\"http:\/\/emigracioncastellanayleonesa.es\/wp-content\/uploads\/2023\/07\/2012_III_PremioMemoriaEmigracion-208x300.jpg\" alt=\"\" width=\"208\" height=\"300\" srcset=\"http:\/\/emigracioncastellanayleonesa.es\/wp-content\/uploads\/2023\/07\/2012_III_PremioMemoriaEmigracion-208x300.jpg 208w, http:\/\/emigracioncastellanayleonesa.es\/wp-content\/uploads\/2023\/07\/2012_III_PremioMemoriaEmigracion-710x1024.jpg 710w, http:\/\/emigracioncastellanayleonesa.es\/wp-content\/uploads\/2023\/07\/2012_III_PremioMemoriaEmigracion-768x1107.jpg 768w, http:\/\/emigracioncastellanayleonesa.es\/wp-content\/uploads\/2023\/07\/2012_III_PremioMemoriaEmigracion-1066x1536.jpg 1066w, http:\/\/emigracioncastellanayleonesa.es\/wp-content\/uploads\/2023\/07\/2012_III_PremioMemoriaEmigracion-1421x2048.jpg 1421w, http:\/\/emigracioncastellanayleonesa.es\/wp-content\/uploads\/2023\/07\/2012_III_PremioMemoriaEmigracion-scaled.jpg 1776w\" sizes=\"(max-width: 208px) 100vw, 208px\" \/><\/td>\n<td>\n<p><strong>III Premio<br \/><\/strong><strong>Memoria de la emigraci\u00f3n Castellana y Leonesa<\/strong><\/p>\n<p>Blanco Rodr\u00edguez, Juan Andr\u00e9s et alii (eds.), III Premio Memoria de la Emigraci\u00f3n Castellana y Leonesa. Zamora: Junta de Castilla y Le\u00f3n, 2012. ISBN: 978-84-615-7764-4<br \/><strong><a href=\"http:\/\/emigracioncastellanayleonesa.es\/wp-content\/uploads\/2023\/07\/2012_IIIPremioMemoriaEmigracion.pdf\">DESCARGAR<\/a><\/strong><\/p>\n<\/td>\n<\/tr>\n<tr>\n<td><img loading=\"lazy\" decoding=\"async\" class=\"alignnone size-medium wp-image-2295\" src=\"http:\/\/emigracioncastellanayleonesa.es\/wp-content\/uploads\/2023\/11\/Memorias-de-un-sueno.-La-emigracion-castellana-y-leonesa-a-America-300x281.jpg\" alt=\"\" width=\"300\" height=\"281\" srcset=\"http:\/\/emigracioncastellanayleonesa.es\/wp-content\/uploads\/2023\/11\/Memorias-de-un-sueno.-La-emigracion-castellana-y-leonesa-a-America-300x281.jpg 300w, http:\/\/emigracioncastellanayleonesa.es\/wp-content\/uploads\/2023\/11\/Memorias-de-un-sueno.-La-emigracion-castellana-y-leonesa-a-America-1024x959.jpg 1024w, http:\/\/emigracioncastellanayleonesa.es\/wp-content\/uploads\/2023\/11\/Memorias-de-un-sueno.-La-emigracion-castellana-y-leonesa-a-America-768x719.jpg 768w, http:\/\/emigracioncastellanayleonesa.es\/wp-content\/uploads\/2023\/11\/Memorias-de-un-sueno.-La-emigracion-castellana-y-leonesa-a-America-1536x1439.jpg 1536w, http:\/\/emigracioncastellanayleonesa.es\/wp-content\/uploads\/2023\/11\/Memorias-de-un-sueno.-La-emigracion-castellana-y-leonesa-a-America-2048x1919.jpg 2048w\" sizes=\"(max-width: 300px) 100vw, 300px\" \/><\/td>\n<td>\n<p><strong>Memorias de un sue\u00f1o. La emigraci\u00f3n castellana y leonesa a Am\u00e9rica<\/strong><\/p>\n<p>Blanco Rodr\u00edguez, Juan Andr\u00e9s (ed.), Memorias de un sue\u00f1o. La emigraci\u00f3n castellana y leonesa a Am\u00e9rica. ISBN: 978-84-9718-632-2. Salamanca: Junta de Castilla y Le\u00f3n, 2011.<br \/><strong><a href=\"http:\/\/emigracioncastellanayleonesa.es\/wp-content\/uploads\/2023\/11\/2011_Memorias_de_un_sueno_index.pdf\">DESCARGAR<\/a><\/strong><\/p>\n<\/td>\n<\/tr>\n<tr>\n<td><img loading=\"lazy\" decoding=\"async\" class=\"alignnone size-medium wp-image-2017\" src=\"http:\/\/emigracioncastellanayleonesa.es\/wp-content\/uploads\/2023\/07\/2011_II_Premio_Memoria-224x300.jpg\" alt=\"\" width=\"224\" height=\"300\" srcset=\"http:\/\/emigracioncastellanayleonesa.es\/wp-content\/uploads\/2023\/07\/2011_II_Premio_Memoria-224x300.jpg 224w, http:\/\/emigracioncastellanayleonesa.es\/wp-content\/uploads\/2023\/07\/2011_II_Premio_Memoria-765x1024.jpg 765w, http:\/\/emigracioncastellanayleonesa.es\/wp-content\/uploads\/2023\/07\/2011_II_Premio_Memoria-768x1028.jpg 768w, http:\/\/emigracioncastellanayleonesa.es\/wp-content\/uploads\/2023\/07\/2011_II_Premio_Memoria-1147x1536.jpg 1147w, http:\/\/emigracioncastellanayleonesa.es\/wp-content\/uploads\/2023\/07\/2011_II_Premio_Memoria-1530x2048.jpg 1530w, http:\/\/emigracioncastellanayleonesa.es\/wp-content\/uploads\/2023\/07\/2011_II_Premio_Memoria-scaled.jpg 1912w\" sizes=\"(max-width: 224px) 100vw, 224px\" \/><\/td>\n<td>\n<p><strong>II Premio<br \/><\/strong><strong>Memoria de la emigraci\u00f3n Castellana y Leonesa<\/strong><\/p>\n<p>Blanco Rodr\u00edguez, Juan Andr\u00e9s et alii (eds.), II Premio Memoria de la Emigraci\u00f3n Castellana y Leonesa. Zamora: Junta de Castilla y Le\u00f3n, 2008. ISBN: 978-84-936871-7-5<br \/><strong><a href=\"http:\/\/emigracioncastellanayleonesa.es\/wp-content\/uploads\/2023\/07\/2011_II_Premio_Memoria.pdf\">DESCARGAR<\/a><\/strong><\/p>\n<\/td>\n<\/tr>\n<tr>\n<td><img loading=\"lazy\" decoding=\"async\" class=\"alignnone size-medium wp-image-2016\" src=\"http:\/\/emigracioncastellanayleonesa.es\/wp-content\/uploads\/2023\/07\/2011_Congreso_emigracion-204x300.jpg\" alt=\"\" width=\"204\" height=\"300\" srcset=\"http:\/\/emigracioncastellanayleonesa.es\/wp-content\/uploads\/2023\/07\/2011_Congreso_emigracion-204x300.jpg 204w, http:\/\/emigracioncastellanayleonesa.es\/wp-content\/uploads\/2023\/07\/2011_Congreso_emigracion-696x1024.jpg 696w, http:\/\/emigracioncastellanayleonesa.es\/wp-content\/uploads\/2023\/07\/2011_Congreso_emigracion-768x1129.jpg 768w, http:\/\/emigracioncastellanayleonesa.es\/wp-content\/uploads\/2023\/07\/2011_Congreso_emigracion-1045x1536.jpg 1045w, http:\/\/emigracioncastellanayleonesa.es\/wp-content\/uploads\/2023\/07\/2011_Congreso_emigracion-1393x2048.jpg 1393w, http:\/\/emigracioncastellanayleonesa.es\/wp-content\/uploads\/2023\/07\/2011_Congreso_emigracion-scaled.jpg 1741w\" sizes=\"(max-width: 204px) 100vw, 204px\" \/><\/td>\n<td><strong>Congreso: La emigraci\u00f3n Castellana y Leonesa en el marco de las migraciones espa\u00f1olas<br \/><\/strong><strong><a href=\"http:\/\/emigracioncastellanayleonesa.es\/wp-content\/uploads\/2023\/07\/2011_Congreso_emigracion.pdf\">DESCARGAR<\/a><\/strong><\/td>\n<\/tr>\n<tr>\n<td><img loading=\"lazy\" decoding=\"async\" class=\"alignnone size-medium wp-image-2031\" src=\"http:\/\/emigracioncastellanayleonesa.es\/wp-content\/uploads\/2023\/07\/volumen3-211x300.jpg\" alt=\"\" width=\"211\" height=\"300\" srcset=\"http:\/\/emigracioncastellanayleonesa.es\/wp-content\/uploads\/2023\/07\/volumen3-211x300.jpg 211w, http:\/\/emigracioncastellanayleonesa.es\/wp-content\/uploads\/2023\/07\/volumen3.jpg 448w\" sizes=\"(max-width: 211px) 100vw, 211px\" \/><\/td>\n<td><strong>Memoria de la emigraci\u00f3n Castellana y Leonesa<\/strong>(Vol III)<br \/><strong><a href=\"http:\/\/emigracioncastellanayleonesa.es\/wp-content\/uploads\/2023\/07\/MemoriaIIIbaja.pdf\">DESCARGAR<\/a><\/strong><\/td>\n<\/tr>\n<tr>\n<td><img loading=\"lazy\" decoding=\"async\" class=\"alignnone size-medium wp-image-2030\" src=\"http:\/\/emigracioncastellanayleonesa.es\/wp-content\/uploads\/2023\/07\/volumen2-211x300.jpg\" alt=\"\" width=\"211\" height=\"300\" srcset=\"http:\/\/emigracioncastellanayleonesa.es\/wp-content\/uploads\/2023\/07\/volumen2-211x300.jpg 211w, http:\/\/emigracioncastellanayleonesa.es\/wp-content\/uploads\/2023\/07\/volumen2.jpg 448w\" sizes=\"(max-width: 211px) 100vw, 211px\" \/><\/td>\n<td><strong>Memoria de la emigraci\u00f3n Castellana y Leonesa<br \/><\/strong>Relatos premiados. Relatos de Argentina (Vol II)<br \/><strong><a href=\"http:\/\/emigracioncastellanayleonesa.es\/wp-content\/uploads\/2023\/07\/MemoriaIIbaja.pdf\">DESCARGAR<\/a><\/strong><\/td>\n<\/tr>\n<tr>\n<td><img loading=\"lazy\" decoding=\"async\" class=\"alignnone size-medium wp-image-2029\" src=\"http:\/\/emigracioncastellanayleonesa.es\/wp-content\/uploads\/2023\/07\/volumen1-211x300.jpg\" alt=\"\" width=\"211\" height=\"300\" srcset=\"http:\/\/emigracioncastellanayleonesa.es\/wp-content\/uploads\/2023\/07\/volumen1-211x300.jpg 211w, http:\/\/emigracioncastellanayleonesa.es\/wp-content\/uploads\/2023\/07\/volumen1.jpg 448w\" sizes=\"(max-width: 211px) 100vw, 211px\" \/><\/td>\n<td><strong>Memoria de la emigraci\u00f3n Castellana y Leonesa<br \/><\/strong>Relatos premiados. Relatos de Argentina (Vol I)<br \/><strong><a href=\"http:\/\/emigracioncastellanayleonesa.es\/wp-content\/uploads\/2023\/07\/MemoriaIbaja.pdf\">DESCARGAR<\/a><\/strong><\/td>\n<\/tr>\n<tr>\n<td><img loading=\"lazy\" decoding=\"async\" class=\"alignnone size-medium wp-image-2026\" src=\"http:\/\/emigracioncastellanayleonesa.es\/wp-content\/uploads\/2023\/07\/image004-212x300.jpg\" alt=\"\" width=\"212\" height=\"300\" srcset=\"http:\/\/emigracioncastellanayleonesa.es\/wp-content\/uploads\/2023\/07\/image004-212x300.jpg 212w, http:\/\/emigracioncastellanayleonesa.es\/wp-content\/uploads\/2023\/07\/image004.jpg 567w\" sizes=\"(max-width: 212px) 100vw, 212px\" \/><\/td>\n<td><strong>Zamoranos en Cuba.<br \/><\/strong>A principio de los a\u00f1os 90 del pasado siglo una serie de hechos m\u00e1s o menos causales determinaron la visualizaci\u00f3n de una relaci\u00f3n, hasta entonces bastante invisible, al menos desde la perspectiva historiogr\u00e1fica. Nos referimos a la larga corriente que ha vinculado a Cuba con una peque\u00f1a provincia espa\u00f1ola, Zamora.[&#8230;]<br \/><strong><a href=\"http:\/\/emigracioncastellanayleonesa.es\/wp-content\/uploads\/2023\/07\/Zamoranos_en_Cuba.pdf\">DESCARGAR<\/a><\/strong><\/td>\n<\/tr>\n<tr>\n<td><img loading=\"lazy\" decoding=\"async\" class=\"alignnone size-medium wp-image-2027\" src=\"http:\/\/emigracioncastellanayleonesa.es\/wp-content\/uploads\/2023\/07\/image005-208x300.jpg\" alt=\"\" width=\"208\" height=\"300\" srcset=\"http:\/\/emigracioncastellanayleonesa.es\/wp-content\/uploads\/2023\/07\/image005-208x300.jpg 208w, http:\/\/emigracioncastellanayleonesa.es\/wp-content\/uploads\/2023\/07\/image005.jpg 425w\" sizes=\"(max-width: 208px) 100vw, 208px\" \/><\/td>\n<td><strong>El asociacionismo en la emigraci\u00f3n espa\u00f1ola a Am\u00e9rica.<br \/><\/strong>Las asociaciones creadas por los emigrantes constituyen uno de los elementos m\u00e1s relevantes de su actuaci\u00f3n colectiva. Por otro lado, buena parte de la recuperaci\u00f3n de la visibilidad de estos emigrantes \u2013y nos referimos en particular a la emigraci\u00f3n espa\u00f1ola hacia Am\u00e9rica del \u00faltimo siglo y medio\u2013 ha sido posible a partir de estas entidades asociativas.[&#8230;]<br \/><strong><a href=\"http:\/\/emigracioncastellanayleonesa.es\/wp-content\/uploads\/2023\/07\/Asociacionismo.pdf\">DESCARGAR<\/a><\/strong><\/td>\n<\/tr>\n<tr>\n<td><img loading=\"lazy\" decoding=\"async\" class=\"alignnone size-medium wp-image-2025\" src=\"http:\/\/emigracioncastellanayleonesa.es\/wp-content\/uploads\/2023\/07\/image003-208x300.jpg\" alt=\"\" width=\"208\" height=\"300\" srcset=\"http:\/\/emigracioncastellanayleonesa.es\/wp-content\/uploads\/2023\/07\/image003-208x300.jpg 208w, http:\/\/emigracioncastellanayleonesa.es\/wp-content\/uploads\/2023\/07\/image003.jpg 444w\" sizes=\"(max-width: 208px) 100vw, 208px\" \/><\/td>\n<td><strong>De Zamora a Cuba. Memoria de la emigraci\u00f3n Zamorana III.<br \/><\/strong>Cuba ser\u00e1, tras Argentina, el pa\u00eds que recibir\u00e1 el contingente m\u00e1s numeroso de los espa\u00f1oles que emigran a Am\u00e9rica en los siglos XIX y XX. [&#8230;]<br \/><strong><a href=\"http:\/\/emigracioncastellanayleonesa.es\/wp-content\/uploads\/2023\/07\/Emigracion_Zamorana_III.pdf\">DESCARGAR<\/a><\/strong><\/td>\n<\/tr>\n<tr>\n<td><img loading=\"lazy\" decoding=\"async\" class=\"alignnone size-medium wp-image-2024\" src=\"http:\/\/emigracioncastellanayleonesa.es\/wp-content\/uploads\/2023\/07\/image002-213x300.jpg\" alt=\"\" width=\"213\" height=\"300\" srcset=\"http:\/\/emigracioncastellanayleonesa.es\/wp-content\/uploads\/2023\/07\/image002-213x300.jpg 213w, http:\/\/emigracioncastellanayleonesa.es\/wp-content\/uploads\/2023\/07\/image002.jpg 449w\" sizes=\"(max-width: 213px) 100vw, 213px\" \/><\/td>\n<td><strong>De Zamora al R\u00edo de la Plata. Memoria de la emigraci\u00f3n Zamorana II.<br \/><\/strong>Ser\u00e1 Argentina el destino que reciba m\u00e1s emigrantes zamoranos, como tambi\u00e9n espa\u00f1oles, en la etapa de salida masiva a Ultramar, en especial desde principios del siglo XX. [&#8230;]<br \/><strong><a href=\"http:\/\/emigracioncastellanayleonesa.es\/wp-content\/uploads\/2023\/07\/Emigracion_Zamorana_II.pdf\">DESCARGAR<\/a><\/strong><\/td>\n<\/tr>\n<tr>\n<td><img loading=\"lazy\" decoding=\"async\" class=\"alignnone size-medium wp-image-2023\" src=\"http:\/\/emigracioncastellanayleonesa.es\/wp-content\/uploads\/2023\/07\/image001-211x300.jpg\" alt=\"\" width=\"211\" height=\"300\" srcset=\"http:\/\/emigracioncastellanayleonesa.es\/wp-content\/uploads\/2023\/07\/image001-211x300.jpg 211w, http:\/\/emigracioncastellanayleonesa.es\/wp-content\/uploads\/2023\/07\/image001.jpg 448w\" sizes=\"(max-width: 211px) 100vw, 211px\" \/><\/td>\n<td><strong>De Zamora a Am\u00e9rica. Memoria de la emigraci\u00f3n Zamorana I.<br \/><\/strong>No hay que insistir en la importancia que ha tenido y tiene en la actualidad el hecho migratorio. Muchos millones de personas han abandonado y siguen abandonando sus lugares de origen buscando un destino mejor. [&#8230;]<br \/><a href=\"http:\/\/emigracioncastellanayleonesa.es\/wp-content\/uploads\/2023\/07\/Emigracion_Zamorana_I.pdf\"><strong>DESCARGAR<\/strong><\/a><\/td>\n<\/tr>\n<tr>\n<td><img loading=\"lazy\" decoding=\"async\" class=\"alignnone size-medium wp-image-2015\" src=\"http:\/\/emigracioncastellanayleonesa.es\/wp-content\/uploads\/2023\/07\/2005_Zamoranos_en_Madrid-212x300.jpg\" alt=\"\" width=\"212\" height=\"300\" srcset=\"http:\/\/emigracioncastellanayleonesa.es\/wp-content\/uploads\/2023\/07\/2005_Zamoranos_en_Madrid-212x300.jpg 212w, http:\/\/emigracioncastellanayleonesa.es\/wp-content\/uploads\/2023\/07\/2005_Zamoranos_en_Madrid-723x1024.jpg 723w, http:\/\/emigracioncastellanayleonesa.es\/wp-content\/uploads\/2023\/07\/2005_Zamoranos_en_Madrid-768x1088.jpg 768w, http:\/\/emigracioncastellanayleonesa.es\/wp-content\/uploads\/2023\/07\/2005_Zamoranos_en_Madrid-1084x1536.jpg 1084w, http:\/\/emigracioncastellanayleonesa.es\/wp-content\/uploads\/2023\/07\/2005_Zamoranos_en_Madrid-1446x2048.jpg 1446w, http:\/\/emigracioncastellanayleonesa.es\/wp-content\/uploads\/2023\/07\/2005_Zamoranos_en_Madrid-scaled.jpg 1807w\" sizes=\"(max-width: 212px) 100vw, 212px\" \/><\/td>\n<td><strong>Zamoranos en Madrid<br \/><\/strong><strong><a href=\"http:\/\/emigracioncastellanayleonesa.es\/wp-content\/uploads\/2023\/07\/2005_Zamoranos_en_Madrid.pdf\">DESCARGAR<\/a><\/strong><\/td>\n<\/tr>\n<tr>\n<td><img loading=\"lazy\" decoding=\"async\" class=\"alignnone size-medium wp-image-2028\" src=\"http:\/\/emigracioncastellanayleonesa.es\/wp-content\/uploads\/2023\/07\/portada_maleta-211x300.jpg\" alt=\"\" width=\"211\" height=\"300\" srcset=\"http:\/\/emigracioncastellanayleonesa.es\/wp-content\/uploads\/2023\/07\/portada_maleta-211x300.jpg 211w, http:\/\/emigracioncastellanayleonesa.es\/wp-content\/uploads\/2023\/07\/portada_maleta.jpg 448w\" sizes=\"(max-width: 211px) 100vw, 211px\" \/><\/td>\n<td style=\"text-align: left;\"><strong>Zamora y Castilla y Le\u00f3n en las migraciones espa\u00f1olas<\/strong><br \/><strong><a href=\"http:\/\/emigracioncastellanayleonesa.es\/wp-content\/uploads\/2023\/07\/ZamorayCyLenLasMigracionesEspanolas.pdf\">DESCARGAR<\/a><\/strong><\/td>\n<\/tr>\n<\/tbody>\n<\/table>\n<\/figure>\n<ul>\n<li style=\"list-style-type: none;\">\u00a0<\/li>\n<\/ul>\n<p><!-- \/wp:list-item --><\/p>\n<p><!-- \/wp:list --><\/p>\t\t\t\t\t\t<\/div>\n\t\t\t\t<\/div>\n\t\t\t\t\t<\/div>\n\t\t<\/div>\n\t\t\t\t\t<\/div>\n\t\t<\/section>\n\t\t\t\t<section class=\"elementor-section elementor-top-section elementor-element elementor-element-95ee81f elementor-section-boxed elementor-section-height-default elementor-section-height-default\" data-id=\"95ee81f\" data-element_type=\"section\">\n\t\t\t\t\t\t<div class=\"elementor-container elementor-column-gap-default\">\n\t\t\t\t\t<div class=\"elementor-column elementor-col-100 elementor-top-column elementor-element elementor-element-1f76c58\" data-id=\"1f76c58\" data-element_type=\"column\">\n\t\t\t<div class=\"elementor-widget-wrap elementor-element-populated\">\n\t\t\t\t\t\t<div class=\"elementor-element elementor-element-e5ee3d8 elementor-widget elementor-widget-text-editor\" data-id=\"e5ee3d8\" data-element_type=\"widget\" data-widget_type=\"text-editor.default\">\n\t\t\t\t<div class=\"elementor-widget-container\">\n\t\t\t\t\t\t\t<h6>M\u00e1s publicaciones en:<\/h6>\n<h6><a href=\"https:\/\/uned.academia.edu\/CentrodeEstudiosdelaEmigraci\u00f3nCastellanayLeonesaUNEDZamora\">https:\/\/uned.academia.edu\/CentrodeEstudiosdelaEmigraci\u00f3nCastellanayLeonesaUNEDZamora<\/a><\/h6>\t\t\t\t\t\t<\/div>\n\t\t\t\t<\/div>\n\t\t\t\t\t<\/div>\n\t\t<\/div>\n\t\t\t\t\t<\/div>\n\t\t<\/section>\n\t\t\t\t<section class=\"elementor-section elementor-top-section elementor-element elementor-element-d57964b elementor-section-boxed elementor-section-height-default elementor-section-height-default\" data-id=\"d57964b\" data-element_type=\"section\">\n\t\t\t\t\t\t<div class=\"elementor-container elementor-column-gap-default\">\n\t\t\t\t\t<div class=\"elementor-column elementor-col-100 elementor-top-column elementor-element elementor-element-8ce02a2\" data-id=\"8ce02a2\" data-element_type=\"column\">\n\t\t\t<div class=\"elementor-widget-wrap elementor-element-populated\">\n\t\t\t\t\t\t<div class=\"elementor-element elementor-element-5451cae elementor-widget elementor-widget-spacer\" data-id=\"5451cae\" data-element_type=\"widget\" data-widget_type=\"spacer.default\">\n\t\t\t\t<div class=\"elementor-widget-container\">\n\t\t\t\t\t<div class=\"elementor-spacer\">\n\t\t\t<div class=\"elementor-spacer-inner\"><\/div>\n\t\t<\/div>\n\t\t\t\t<\/div>\n\t\t\t\t<\/div>\n\t\t\t\t\t<\/div>\n\t\t<\/div>\n\t\t\t\t\t<\/div>\n\t\t<\/section>\n\t\t\t\t<\/div>\n\t\t","protected":false},"excerpt":{"rendered":"<p>2024 II Premio Memoria de la Emigraci\u00f3n Espa\u00f1ola Blanco, Juan Andr\u00e9s; Dacosta, Arsenio; Rodr\u00edguez, Jos\u00e9 Julio; Delgado, Jos\u00e9. II Premio Memoria de la Emigraci\u00f3n Espa\u00f1ola. NIPO: 121-24-041-8. Madrid: Ministerio de Inclusi\u00f3n, Seguridad Social y Migraciones, 2024.DESCARGAR 2023 I Premio Memoria Escolar Rural Dacosta, Arsenio (ed.). I Premio Memoria Escolar Rural, 2024.DESCARGAR 2023 II Premio Memoria [&hellip;]<\/p>\n","protected":false},"author":5,"featured_media":0,"parent":0,"menu_order":0,"comment_status":"closed","ping_status":"closed","template":"","meta":[],"_links":{"self":[{"href":"http:\/\/emigracioncastellanayleonesa.es\/index.php\/wp-json\/wp\/v2\/pages\/1755"}],"collection":[{"href":"http:\/\/emigracioncastellanayleonesa.es\/index.php\/wp-json\/wp\/v2\/pages"}],"about":[{"href":"http:\/\/emigracioncastellanayleonesa.es\/index.php\/wp-json\/wp\/v2\/types\/page"}],"author":[{"embeddable":true,"href":"http:\/\/emigracioncastellanayleonesa.es\/index.php\/wp-json\/wp\/v2\/users\/5"}],"replies":[{"embeddable":true,"href":"http:\/\/emigracioncastellanayleonesa.es\/index.php\/wp-json\/wp\/v2\/comments?post=1755"}],"version-history":[{"count":96,"href":"http:\/\/emigracioncastellanayleonesa.es\/index.php\/wp-json\/wp\/v2\/pages\/1755\/revisions"}],"predecessor-version":[{"id":2514,"href":"http:\/\/emigracioncastellanayleonesa.es\/index.php\/wp-json\/wp\/v2\/pages\/1755\/revisions\/2514"}],"wp:attachment":[{"href":"http:\/\/emigracioncastellanayleonesa.es\/index.php\/wp-json\/wp\/v2\/media?parent=1755"}],"curies":[{"name":"wp","href":"https:\/\/api.w.org\/{rel}","templated":true}]}}