{"id":1751,"date":"2023-07-03T11:00:56","date_gmt":"2023-07-03T11:00:56","guid":{"rendered":"http:\/\/emigracioncastellanayleonesa.es\/?page_id=1751"},"modified":"2024-06-10T21:15:43","modified_gmt":"2024-06-10T21:15:43","slug":"el-proyecto","status":"publish","type":"page","link":"https:\/\/emigracioncastellanayleonesa.es\/index.php\/el-proyecto\/","title":{"rendered":"El Proyecto"},"content":{"rendered":"\t\t<div data-elementor-type=\"wp-page\" data-elementor-id=\"1751\" class=\"elementor elementor-1751\" data-elementor-post-type=\"page\">\n\t\t\t\t\t\t<section class=\"elementor-section elementor-top-section elementor-element elementor-element-0f9dfc7 elementor-section-boxed elementor-section-height-default elementor-section-height-default\" data-id=\"0f9dfc7\" data-element_type=\"section\">\n\t\t\t\t\t\t<div class=\"elementor-container elementor-column-gap-default\">\n\t\t\t\t\t<div class=\"elementor-column elementor-col-100 elementor-top-column elementor-element elementor-element-af330af\" data-id=\"af330af\" data-element_type=\"column\">\n\t\t\t<div class=\"elementor-widget-wrap elementor-element-populated\">\n\t\t\t\t\t\t<div class=\"elementor-element elementor-element-98f6caa elementor-widget elementor-widget-spacer\" data-id=\"98f6caa\" data-element_type=\"widget\" data-widget_type=\"spacer.default\">\n\t\t\t\t<div class=\"elementor-widget-container\">\n\t\t\t<style>\/*! elementor - v3.22.0 - 17-06-2024 *\/\n.elementor-column .elementor-spacer-inner{height:var(--spacer-size)}.e-con{--container-widget-width:100%}.e-con-inner>.elementor-widget-spacer,.e-con>.elementor-widget-spacer{width:var(--container-widget-width,var(--spacer-size));--align-self:var(--container-widget-align-self,initial);--flex-shrink:0}.e-con-inner>.elementor-widget-spacer>.elementor-widget-container,.e-con>.elementor-widget-spacer>.elementor-widget-container{height:100%;width:100%}.e-con-inner>.elementor-widget-spacer>.elementor-widget-container>.elementor-spacer,.e-con>.elementor-widget-spacer>.elementor-widget-container>.elementor-spacer{height:100%}.e-con-inner>.elementor-widget-spacer>.elementor-widget-container>.elementor-spacer>.elementor-spacer-inner,.e-con>.elementor-widget-spacer>.elementor-widget-container>.elementor-spacer>.elementor-spacer-inner{height:var(--container-widget-height,var(--spacer-size))}.e-con-inner>.elementor-widget-spacer.elementor-widget-empty,.e-con>.elementor-widget-spacer.elementor-widget-empty{position:relative;min-height:22px;min-width:22px}.e-con-inner>.elementor-widget-spacer.elementor-widget-empty .elementor-widget-empty-icon,.e-con>.elementor-widget-spacer.elementor-widget-empty .elementor-widget-empty-icon{position:absolute;top:0;bottom:0;left:0;right:0;margin:auto;padding:0;width:22px;height:22px}<\/style>\t\t<div class=\"elementor-spacer\">\n\t\t\t<div class=\"elementor-spacer-inner\"><\/div>\n\t\t<\/div>\n\t\t\t\t<\/div>\n\t\t\t\t<\/div>\n\t\t\t\t\t<\/div>\n\t\t<\/div>\n\t\t\t\t\t<\/div>\n\t\t<\/section>\n\t\t\t\t<section class=\"elementor-section elementor-top-section elementor-element elementor-element-688280d7 elementor-section-boxed elementor-section-height-default elementor-section-height-default\" data-id=\"688280d7\" data-element_type=\"section\">\n\t\t\t\t\t\t<div class=\"elementor-container elementor-column-gap-default\">\n\t\t\t\t\t<div class=\"elementor-column elementor-col-100 elementor-top-column elementor-element elementor-element-72ef73e3\" data-id=\"72ef73e3\" data-element_type=\"column\">\n\t\t\t<div class=\"elementor-widget-wrap elementor-element-populated\">\n\t\t\t\t\t\t<div class=\"elementor-element elementor-element-6e54d5ab elementor-widget elementor-widget-text-editor\" data-id=\"6e54d5ab\" data-element_type=\"widget\" data-widget_type=\"text-editor.default\">\n\t\t\t\t<div class=\"elementor-widget-container\">\n\t\t\t<style>\/*! elementor - v3.22.0 - 17-06-2024 *\/\n.elementor-widget-text-editor.elementor-drop-cap-view-stacked .elementor-drop-cap{background-color:#69727d;color:#fff}.elementor-widget-text-editor.elementor-drop-cap-view-framed .elementor-drop-cap{color:#69727d;border:3px solid;background-color:transparent}.elementor-widget-text-editor:not(.elementor-drop-cap-view-default) .elementor-drop-cap{margin-top:8px}.elementor-widget-text-editor:not(.elementor-drop-cap-view-default) .elementor-drop-cap-letter{width:1em;height:1em}.elementor-widget-text-editor .elementor-drop-cap{float:left;text-align:center;line-height:1;font-size:50px}.elementor-widget-text-editor .elementor-drop-cap-letter{display:inline-block}<\/style>\t\t\t\t<!-- wp:paragraph -->\n<p>El Centro de Estudios de la Emigraci\u00f3n Castellana y Leonesa ha participado en proyectos de investigaci\u00f3n competitivos como: <br \/>Las asociaciones en la emigraci\u00f3n exterior espa\u00f1ola: del mutualismo a las comunidades transnacionales y virtuales. IP: Juan Andr\u00e9s Blanco Rodr\u00edguez. Proyecto HAR2015-65760-P financiado por el MINECO. <br \/>El asociacionismo de la emigraci\u00f3n espa\u00f1ola en Am\u00e9rica a partir de la d\u00e9cada de 1960: los casos de La Habana, Buenos Aires y Caracas {AEMIGRA1960J. IP: Arsenio Dacosta y Asunci\u00f3n Merino. Proyecto PID2021-123160NB-loo financiado por MCIN \/ AEI y por FEDER Una manera de hacer Europa.<\/p>\n<p>\u00a0<\/p>\n<p>El Centro Asociado de la UNED de Zamora viene desde 1990 articulando diversos proyectos de investigaci\u00f3n de los flujos migratorios, que son una caracter\u00edstica fundamental de esta regi\u00f3n de Castilla y Le\u00f3n, al menos desde el siglo XVIII, y que suponen una aut\u00e9ntica di\u00e1spora durante el XX.<br \/>La vinculaci\u00f3n que los emigrantes y sus descendientes tienen con los lugares de partida tiene mucho que ver con la actuaci\u00f3n que los mismos llevan a cabo tanto en las sociedades en las que se insertan como en aquellas de las que salieron. Actuaci\u00f3n muy presente en el plano familiar pero apenas visible en la mayor\u00eda de los casos, pero muy relevante en no pocos de ellos.<\/p>\n<!-- \/wp:paragraph --><!-- wp:paragraph -->\n<p>La operatividad presente y futura de esta poblaci\u00f3n vinculada relacionada con la emigraci\u00f3n ha sido una preocupaci\u00f3n cient\u00edfica y tambi\u00e9n institucional del Centro de la UNED de Zamora en las \u00faltimas dos d\u00e9cadas. En esa l\u00ednea se han llevado a cabo, con el apoyo de las Consejer\u00edas de Educaci\u00f3n y Cultura de la Junta de Castilla y Le\u00f3n, la Direcci\u00f3n General de Pol\u00edticas Migratorias y Cooperaci\u00f3n al Desarrollo y la recientemente creada Fundaci\u00f3n para la Ciudadan\u00eda Castellana y Leonesa en el Exterior y la Cooperaci\u00f3n al Desarrollo, diversos proyectos de investigaci\u00f3n encaminados a conocer la realidad pasada y presente de dicho proceso emigratorio.<\/p>\n<!-- \/wp:paragraph --><!-- wp:paragraph -->\n<p>Paralelamente se pusieron en marcha otras iniciativas en esa misma direcci\u00f3n. En diciembre de 2005 se realiz\u00f3 el\u00a0<em>I Congreso sobre la Emigraci\u00f3n Castellana y Leonesa<\/em>, con el apoyo de la Diputaci\u00f3n Provincial de Zamora y la Junta de Castilla y Le\u00f3n, y convoc\u00f3 el\u00a0<em>Premio Memoria de la Emigraci\u00f3n Zamorana<\/em>, con 80 relatos participantes de varios pa\u00edses de Iberoam\u00e9rica. El Congreso estuvo acompa\u00f1ado con la realizaci\u00f3n de la Exposici\u00f3n\u00a0<em>El<\/em><em>\u00a0sue\u00f1o de muchos. La emigraci\u00f3n castellana y leonesa a Am\u00e9rica<\/em>, que, con el apoyo de Caja Espa\u00f1a, recorri\u00f3 varias provincias de nuestra Comunidad. El concurso sobre los relatos de la emigraci\u00f3n zamorana y la exposici\u00f3n dieron lugar a la recopilaci\u00f3n de ampl\u00edsima documentaci\u00f3n escrita, fotogr\u00e1fica y audiovisual.<\/p>\n<!-- \/wp:paragraph --><!-- wp:image -->\n<figure class=\"wp-block-image\"><img fetchpriority=\"high\" decoding=\"async\" class=\"aligncenter\" src=\"http:\/\/emigracioncastellanayleonesa.es\/Fotos%20Web\/Aniversario.jpg\" width=\"500\" height=\"100\" \/><\/figure>\n<!-- \/wp:image --><!-- wp:paragraph -->\n<p>El Centro de al UNED de Zamora, con la colaboraci\u00f3n de la Junta de Castilla y Le\u00f3n y la Asociaci\u00f3n Etnogr\u00e1fica Bajo Duero, convoc\u00f3 en 2006 el\u00a0<em>I Premio Memoria de la Emigraci\u00f3n Castellana y Leonesa<\/em>\u00a0cuyos tres vol\u00famenes ya est\u00e1n disponibles en esta web. Dicho premio se fall\u00f3 en el marco del\u00a0<em>Encuentro Internacional de las Comunidades Castellanas y Leonesas en la Emigraci\u00f3n<\/em>, celebrado en la UNED de Zamora del 23 al 25 de febrero de ese a\u00f1o y realizado por la Junta de Castilla y Le\u00f3n, la Diputaci\u00f3n Provincial de Zamora y el Centro de la UNED de Zamora. A dicho premio se presentaron 94 relatos que aportan una ampl\u00edsima documentaci\u00f3n escrita y gr\u00e1fica. En el mencionado encuentro ampliamos las relaciones con las distintas asociaciones de la emigraci\u00f3n castellana y leonesa tanto de Argentina, Chile, M\u00e9jico, Uruguay y Cuba como con las 117 existentes en las distintas provincias de Espa\u00f1a. Estas relaciones nos est\u00e1n permitiendo recibir abundante documentaci\u00f3n tanto de las propias asociaciones como personal de sus asociados para el proyecto de\u00a0<em>Archivo-Museo de la Emigraci\u00f3n de Castilla y Le\u00f3n<\/em>\u00a0que, con el apoyo de la Junta de Castilla y Le\u00f3n, se pretende poner en marcha.<\/p>\n<!-- \/wp:paragraph --><!-- wp:paragraph -->\n<p>As\u00ed mismo, en febrero de 2007 se convoc\u00f3 el\u00a0<em>II Premio Memoria de la Emigraci\u00f3n Castellana y Leonesa<\/em>, con el objeto de recuperar y hacer visible la experiencia de un fen\u00f3meno que por sus implicaciones de desarraigo y conflictos identitarios ha permanecido oculta fuera de la familia durante mucho tiempo. En esta convocatoria se presentaron 47 relatos (generalmente complementados con abundante documentaci\u00f3n documental y fotogr\u00e1fica), procedentes en su mayor\u00eda de la emigraci\u00f3n americana, pero con una mayor presencia que en anteriores convocatorias de la emigraci\u00f3n a Europa e interior de Espa\u00f1a.<\/p>\n<!-- \/wp:paragraph --><!-- wp:paragraph -->\n<p>A finales de 2007 y de acuerdo con la filosof\u00eda del proyecto, se procedi\u00f3 a la publicaci\u00f3n de los primeros vol\u00famenes de relatos sobre la emigraci\u00f3n castellana leonesa, con la publicaci\u00f3n de los ganadores y participantes en el\u00a0<em>I Premio Memoria de la Emigraci\u00f3n Zamorana<\/em>, repartidos en tres vol\u00famenes:\u00a0<em>De Zamora a Am\u00e9rica<\/em>\u00a0(relatos premiados),\u00a0<em>De Zamora al R\u00edo de la Plata<\/em>\u00a0(relatos participantes de Argentina) y\u00a0<em>De Zamora a Cuba<\/em>\u00a0(relatos participantes de Cuba).<\/p>\n<!-- \/wp:paragraph --><!-- wp:paragraph -->\n<p>A lo largo de diferentes campa\u00f1as, se ha continuado con la revisi\u00f3n de las fuentes hemerogr\u00e1ficas locales y nacionales, la catalogaci\u00f3n de los fondos documentales que van ingresando en el Centro de la UNED y que formar\u00e1n parte del futuro\u00a0<em>Archivo-Museo de la Emigraci\u00f3n de Castilla y Le\u00f3n<\/em>. Tambi\u00e9n se procedi\u00f3 a una revisi\u00f3n de los fondos existentes sobre emigraci\u00f3n en los diferentes archivos municipales y provinciales de la comunidad, en especial en aquellas zonas de mayor potencial emigratorio (sobre la emigraci\u00f3n a Am\u00e9rica, la emigraci\u00f3n asistida a distintos pa\u00edses europeos y Espa\u00f1a), as\u00ed como se dieron los primeros pasos para establecer un registro de las acciones llevadas a cabo en los lugares de salida de los emigrantes que pretende ahondarse en el futuro.<\/p>\n<!-- \/wp:paragraph --><!-- wp:image -->\n<figure class=\"wp-block-image\"><img decoding=\"async\" class=\"aligncenter\" src=\"http:\/\/emigracioncastellanayleonesa.es\/Fotos%20Web\/Salida%20DEF.jpg\" width=\"500\" height=\"100\" \/><\/figure>\n<!-- \/wp:image --><!-- wp:paragraph -->\n<p>Desde el Centro de al UNED de Zamora, con la colaboraci\u00f3n de la Junta de Castilla y Le\u00f3n, se celebr\u00f3 del 22 al 25 de octubre de 2008 el\u00a0<em>II Congreso de Emigraci\u00f3n e Inmigraci\u00f3n en Castilla y Le\u00f3n: fuentes para el estudio de la emigraci\u00f3n castellana y leonesa<\/em>, en el que diversos especialistas de las distintas universidades de la regi\u00f3n, y de otras nacionales y extranjeras, abordaron el tema de la emigraci\u00f3n espa\u00f1ola y de esta regi\u00f3n castellano-leonesa, junto a representantes de las distintas asociaciones castellanas y leonesas.<br \/>En el mes de febrero de 2009, con el concurso de la Direcci\u00f3n General de Pol\u00edticas Migratorias de la Junta de Castilla y Le\u00f3n, la Diputaci\u00f3n Provincial de Zamora y la Asociaci\u00f3n Etnogr\u00e1fica Bajo Duero y su Archivo de la Escritura Popular, se convoc\u00f3 el\u00a0<em>III Premio Memoria de la Emigraci\u00f3n Castellana y Leonesa<\/em>, en el que se obtuvo una buena participaci\u00f3n de emigrantes en Iberoam\u00e9rica, especialmente de Cuba y Argentina, contando con 34 relatos presentados.<\/p>\n<!-- \/wp:paragraph --><!-- wp:paragraph -->\n<p>Tambi\u00e9n se ha llevado a cabo en 2009 la coordinaci\u00f3n cient\u00edfica de contenidos para la exposici\u00f3n\u00a0<em>Un siglo en el presente, el Centro Castellano de La Habana<\/em>, que se celebr\u00f3 en La Habana (Cuba) en la primavera-verano de 2009 y la coordinaci\u00f3n de la exposici\u00f3n\u00a0<em>Memorias de un sue\u00f1o: la emigraci\u00f3n castellana y leonesa a Am\u00e9rica<\/em>, que ha inaugurado en diciembre de 2010 con motivo de la apertura de la Casa de Castilla y Le\u00f3n en M\u00e9xico. Dicha muestra ser\u00e1 trasladada a Buenos Aires en la primavera de 2011 y, despu\u00e9s, a Castilla y Le\u00f3n para su exhibici\u00f3n itinerante.<br \/>De forma paralela se han aportado los contenidos materiales y cient\u00edficos del Cat\u00e1logo asociado a la muestra, editado por el propio Centro Asociado de la UNED a finales del verano de 2010. Con el mismo fin desde la UNED se ha producido el documental\u00a0<em>Memorias de un sue\u00f1o, la emigraci\u00f3n castellana y leonesa a Am\u00e9rica<\/em>\u00a0que en los pr\u00f3ximos meses ser\u00e1 editado por la Junta de Castilla y Le\u00f3n. Ambas muestras abordan el proceso global de la emigraci\u00f3n a los distintos lugares de acogida, con especial referencia a Cuba y M\u00e9xico.<\/p>\n<!-- \/wp:paragraph --><!-- wp:paragraph -->\n<p>En diciembre de 2009 se celebr\u00f3 en Zamora el\u00a0<em>Encuentro de Asociaciones de la Emigraci\u00f3n Castellanas y Leonesas<\/em>\u00a0con presencia de 32 asociaciones de pa\u00edses como Argentina, Chile, Cuba, Guatemala, Uruguay, Brasil, M\u00e9xico y Bolivia, y de 76 asociaciones de distintas comunidades aut\u00f3nomas de Espa\u00f1a. En el este encuentro, adem\u00e1s de las necesarias relaciones institucionales con las asociaciones, se continu\u00f3 la recopilaci\u00f3n de materiales de las mismas y se hizo la presentaci\u00f3n del avance del estudio subvencionado a principios de ese a\u00f1o por la Consejer\u00eda de Interior y Justicia de la Junta de Castilla y Le\u00f3n.<\/p>\n<!-- \/wp:paragraph --><!-- wp:paragraph -->\n<p>A lo largo del a\u00f1o 2010, la direcci\u00f3n del Centro Asociado de la UNED en Zamora y algunos de sus t\u00e9cnicos han participado en la coordinaci\u00f3n cient\u00edfica y en el aporte de materiales para la exposici\u00f3n\u00a0<em>\u201cMemorias de un Sue\u00f1o\u201d<\/em>, dise\u00f1ada en la primavera y verano de 2010, y finalmente inaugurada en M\u00e9xico D.F. en diciembre de este pasado a\u00f1o. Dicha muestra, que ser\u00e1 trasladada a Buenos Aires en la primavera de 2011 y, despu\u00e9s, a Castilla y Le\u00f3n para su exhibici\u00f3n itinerante, ha tratado de mostrar los resultados materiales del trabajo realizado durante estas dos d\u00e9cadas por parte del Centro Asociado de la UNED en Zamora y la Junta de Castilla y Le\u00f3n. Adem\u00e1s, se han aportado los contenidos materiales y cient\u00edficos del Cat\u00e1logo asociado a la muestra, editado por el propio Centro Asociado de la UNED a finales del verano de 2010. Con el mismo fin desde la UNED se ha producido el documental\u00a0<em>Memorias de un sue\u00f1o, la emigraci\u00f3n castellana y leonesa a Am\u00e9rica<\/em>, patrocinado por la Junta de Castilla y Le\u00f3n.<\/p>\n<!-- \/wp:paragraph --><!-- wp:paragraph -->\n<p>El Centro de la UNED de Zamora forma parte de la Comisi\u00f3n T\u00e9cnica auspiciada por la Direcci\u00f3n General de Pol\u00edticas Migratorias de la Junta de Castilla y Le\u00f3n, junto a la Diputaci\u00f3n Provincial de Zamora y el Ayuntamiento de Zamora, para determinar los aspectos materiales de la conformaci\u00f3n del Archivo-Museo de la Emigraci\u00f3n Castellana y Leonesa que se ubicar\u00e1 en la ciudad de Zamora.<\/p>\n<!-- \/wp:paragraph --><!-- wp:paragraph -->\n<p>Para 2011 se tienen previstos distintos objetivos en el \u00e1mbito de la investigaci\u00f3n, la gesti\u00f3n y la divulgaci\u00f3n del proyecto y de los trabajos asociados al mismo. Entre ellos es de destacar la convocatoria del\u00a0<em>IV Premio Memoria de la Emigraci\u00f3n Castellana y Leonesa<\/em>\u00a0y la organizaci\u00f3n del\u00a0<em>III Congreso sobre la Emigraci\u00f3n Castellana y Leonesa<\/em>\u00a0dedicado monogr\u00e1ficamente al asociacionismo espa\u00f1ol en Am\u00e9rica.<\/p>\n<!-- \/wp:paragraph -->\t\t\t\t\t\t<\/div>\n\t\t\t\t<\/div>\n\t\t\t\t\t<\/div>\n\t\t<\/div>\n\t\t\t\t\t<\/div>\n\t\t<\/section>\n\t\t\t\t<section class=\"elementor-section elementor-top-section elementor-element elementor-element-26f695d elementor-section-boxed elementor-section-height-default elementor-section-height-default\" data-id=\"26f695d\" data-element_type=\"section\">\n\t\t\t\t\t\t<div class=\"elementor-container elementor-column-gap-default\">\n\t\t\t\t\t<div class=\"elementor-column elementor-col-100 elementor-top-column elementor-element elementor-element-9566b25\" data-id=\"9566b25\" data-element_type=\"column\">\n\t\t\t<div class=\"elementor-widget-wrap elementor-element-populated\">\n\t\t\t\t\t\t<div class=\"elementor-element elementor-element-26fa233 elementor-widget elementor-widget-spacer\" data-id=\"26fa233\" data-element_type=\"widget\" data-widget_type=\"spacer.default\">\n\t\t\t\t<div class=\"elementor-widget-container\">\n\t\t\t\t\t<div class=\"elementor-spacer\">\n\t\t\t<div class=\"elementor-spacer-inner\"><\/div>\n\t\t<\/div>\n\t\t\t\t<\/div>\n\t\t\t\t<\/div>\n\t\t\t\t\t<\/div>\n\t\t<\/div>\n\t\t\t\t\t<\/div>\n\t\t<\/section>\n\t\t\t\t<section class=\"elementor-section elementor-top-section elementor-element elementor-element-59dccfa elementor-section-boxed elementor-section-height-default elementor-section-height-default\" data-id=\"59dccfa\" data-element_type=\"section\">\n\t\t\t\t\t\t<div class=\"elementor-container elementor-column-gap-default\">\n\t\t\t\t\t<div class=\"elementor-column elementor-col-100 elementor-top-column elementor-element elementor-element-45f6a86\" data-id=\"45f6a86\" data-element_type=\"column\">\n\t\t\t<div class=\"elementor-widget-wrap elementor-element-populated\">\n\t\t\t\t\t\t<div class=\"elementor-element elementor-element-3368c12 elementor-widget elementor-widget-text-editor\" data-id=\"3368c12\" data-element_type=\"widget\" data-widget_type=\"text-editor.default\">\n\t\t\t\t<div class=\"elementor-widget-container\">\n\t\t\t\t\t\t\t<p>El Centro de Estudios de la Emigraci\u00f3n Castellana y Leonesa ha participado en proyectos de investigaci\u00f3n competitivos como: <br \/>Las asociaciones en la emigraci\u00f3n exterior espa\u00f1ola: del mutualismo a las comunidades transnacionales y virtuales. IP: Juan Andr\u00e9s Blanco Rodr\u00edguez. Proyecto HAR2015-65760-P financiado por el MINECO. <br \/>El asociacionismo de la emigraci\u00f3n espa\u00f1ola en Am\u00e9rica a partir de la d\u00e9cada de 1960: los casos de La Habana, Buenos Aires y Caracas {AEMIGRA1960J. IP: Arsenio Dacosta y Asunci\u00f3n Merino. Proyecto PID2021-123160NB-loo financiado por MCIN \/ AEI y por FEDER Una manera de hacer Europa.<\/p>\t\t\t\t\t\t<\/div>\n\t\t\t\t<\/div>\n\t\t\t\t\t<\/div>\n\t\t<\/div>\n\t\t\t\t\t<\/div>\n\t\t<\/section>\n\t\t\t\t<section class=\"elementor-section elementor-top-section elementor-element elementor-element-ed353d7 elementor-section-boxed elementor-section-height-default elementor-section-height-default\" data-id=\"ed353d7\" data-element_type=\"section\">\n\t\t\t\t\t\t<div class=\"elementor-container elementor-column-gap-default\">\n\t\t\t\t\t<div class=\"elementor-column elementor-col-100 elementor-top-column elementor-element elementor-element-cd2a670\" data-id=\"cd2a670\" data-element_type=\"column\">\n\t\t\t<div class=\"elementor-widget-wrap elementor-element-populated\">\n\t\t\t\t\t\t<div class=\"elementor-element elementor-element-e000459 elementor-widget elementor-widget-spacer\" data-id=\"e000459\" data-element_type=\"widget\" data-widget_type=\"spacer.default\">\n\t\t\t\t<div class=\"elementor-widget-container\">\n\t\t\t\t\t<div class=\"elementor-spacer\">\n\t\t\t<div class=\"elementor-spacer-inner\"><\/div>\n\t\t<\/div>\n\t\t\t\t<\/div>\n\t\t\t\t<\/div>\n\t\t\t\t\t<\/div>\n\t\t<\/div>\n\t\t\t\t\t<\/div>\n\t\t<\/section>\n\t\t\t\t<\/div>\n\t\t","protected":false},"excerpt":{"rendered":"<p>El Centro de Estudios de la Emigraci\u00f3n Castellana y Leonesa ha participado en proyectos de investigaci\u00f3n competitivos como: Las asociaciones en la emigraci\u00f3n exterior espa\u00f1ola: del mutualismo a las comunidades transnacionales y virtuales. IP: Juan Andr\u00e9s Blanco Rodr\u00edguez. Proyecto HAR2015-65760-P financiado por el MINECO. El asociacionismo de la emigraci\u00f3n espa\u00f1ola en Am\u00e9rica a partir de [&hellip;]<\/p>\n","protected":false},"author":5,"featured_media":0,"parent":0,"menu_order":0,"comment_status":"closed","ping_status":"closed","template":"","meta":[],"_links":{"self":[{"href":"https:\/\/emigracioncastellanayleonesa.es\/index.php\/wp-json\/wp\/v2\/pages\/1751"}],"collection":[{"href":"https:\/\/emigracioncastellanayleonesa.es\/index.php\/wp-json\/wp\/v2\/pages"}],"about":[{"href":"https:\/\/emigracioncastellanayleonesa.es\/index.php\/wp-json\/wp\/v2\/types\/page"}],"author":[{"embeddable":true,"href":"https:\/\/emigracioncastellanayleonesa.es\/index.php\/wp-json\/wp\/v2\/users\/5"}],"replies":[{"embeddable":true,"href":"https:\/\/emigracioncastellanayleonesa.es\/index.php\/wp-json\/wp\/v2\/comments?post=1751"}],"version-history":[{"count":13,"href":"https:\/\/emigracioncastellanayleonesa.es\/index.php\/wp-json\/wp\/v2\/pages\/1751\/revisions"}],"predecessor-version":[{"id":2334,"href":"https:\/\/emigracioncastellanayleonesa.es\/index.php\/wp-json\/wp\/v2\/pages\/1751\/revisions\/2334"}],"wp:attachment":[{"href":"https:\/\/emigracioncastellanayleonesa.es\/index.php\/wp-json\/wp\/v2\/media?parent=1751"}],"curies":[{"name":"wp","href":"https:\/\/api.w.org\/{rel}","templated":true}]}}