{"id":826,"date":"2022-02-18T00:30:12","date_gmt":"2022-02-18T00:30:12","guid":{"rendered":"http:\/\/emigracioncastellanayleonesa.es\/?page_id=826"},"modified":"2023-07-03T11:02:42","modified_gmt":"2023-07-03T11:02:42","slug":"organigrama-equipo-de-trabajo-de-la-catedra","status":"publish","type":"page","link":"https:\/\/emigracioncastellanayleonesa.es\/index.php\/organigrama-equipo-de-trabajo-de-la-catedra\/","title":{"rendered":"Equipo de Investigaci\u00f3n"},"content":{"rendered":"\t\t<div data-elementor-type=\"wp-page\" data-elementor-id=\"826\" class=\"elementor elementor-826\" data-elementor-post-type=\"page\">\n\t\t\t\t\t\t<section class=\"elementor-section elementor-top-section elementor-element elementor-element-f06c4b9 elementor-section-boxed elementor-section-height-default elementor-section-height-default\" data-id=\"f06c4b9\" data-element_type=\"section\">\n\t\t\t\t\t\t<div class=\"elementor-container elementor-column-gap-default\">\n\t\t\t\t\t<div class=\"elementor-column elementor-col-100 elementor-top-column elementor-element elementor-element-427d6cf\" data-id=\"427d6cf\" data-element_type=\"column\">\n\t\t\t<div class=\"elementor-widget-wrap\">\n\t\t\t\t\t\t\t<\/div>\n\t\t<\/div>\n\t\t\t\t\t<\/div>\n\t\t<\/section>\n\t\t\t\t<section class=\"elementor-section elementor-top-section elementor-element elementor-element-58f595d elementor-section-boxed elementor-section-height-default elementor-section-height-default\" data-id=\"58f595d\" data-element_type=\"section\">\n\t\t\t\t\t\t<div class=\"elementor-container elementor-column-gap-default\">\n\t\t\t\t\t<div class=\"elementor-column elementor-col-100 elementor-top-column elementor-element elementor-element-7099f64\" data-id=\"7099f64\" data-element_type=\"column\">\n\t\t\t<div class=\"elementor-widget-wrap elementor-element-populated\">\n\t\t\t\t\t\t<div class=\"elementor-element elementor-element-de20a5e elementor-widget elementor-widget-shortcode\" data-id=\"de20a5e\" data-element_type=\"widget\" data-widget_type=\"shortcode.default\">\n\t\t\t\t<div class=\"elementor-widget-container\">\n\t\t\t\t\t<div class=\"elementor-shortcode\">\t<!-- wpshopmart team builder wrapper -->\r\n\t<div class=\"wpsm_team_3_b_row\" id=\"wpsm_team_3_b_row_851\">\r\n\t\t<div class=\"wpsm_row\">  \r\n\t\t\t<style>\r\n\t\t\t#wpsm_team_3_b_row_851 .wpsm_row{\r\n\t\t\t\tpadding:20px 0;\r\n\t\t\t}\r\n\t\t\t#wpsm_team_3_b_row_851 .wpsm_team_3_member_wrapper_inner h3{\r\n\t\t\t\tcolor:#00533f !important;\r\n\t\t\t\tfont-size:18px !important;\r\n\t\t\t\t\t\t\t\t\r\n\t\t\t}\r\n\t\t\t#wpsm_team_3_b_row_851 .wpsm_team_3_name_divider{\r\n\t\t\t\tbackground-color:#00533f !important;\r\n\t\t\t}\r\n\t\t\t#wpsm_team_3_b_row_851 .wpsm_team_3_b_desig{\r\n\t\t\t\tcolor:#000000 !important;\r\n\t\t\t\tfont-size:14px !important;\r\n\t\t\t\t\t\t\t}\r\n\t\t\t#wpsm_team_3_b_row_851 .wpsm_team_3_b_desc{\r\n\t\t\t\tcolor:#000000 !important;\r\n\t\t\t\tfont-size:14px !important;\r\n\t\t\t\t\t\t\t}\r\n\t\t\t#wpsm_team_3_b_row_851  p{\r\n\t\t\t\tcolor:#000000 !important;\r\n\t\t\t\tfont-size:14px !important;\r\n\t\t\t    \t\t\t\t\r\n\t\t\t}\r\n\t\t\t#wpsm_team_3_b_row_851 .wpsm_team_3_name_divider {\r\n\t\t\t\theight: 0px;\r\n\t\t\t}\r\n\t\t\t\r\n\t\t\t#wpsm_team_3_b_row_851 .wpsm_team_3_social_div a i{\r\n\t\t\t\tcolor:#4f4f4f !important;\r\n\t\t\t\tbackground: transparent !important;\r\n\t\t\t}\r\n\t\t\t#wpsm_team_3_b_row_851 .wpsm_tram_img_wrap {\r\n\t\t\t  width: 100px !important;\r\n\t\t\t  height: 100px !important;\r\n\t\t\t  border-radius: 50% !important;\r\n\t\t\t  position: relative !important;\r\n\t\t\t  overflow: hidden !important;\r\n\t\t\t  margin-left:auto !important;\r\n\t\t\t  margin-right:auto !important;\r\n\t\t\t}\r\n\t\t\t#wpsm_team_3_b_row_851 .wpsm_tram_img_wrap img {\r\n\t\t\t  min-width: 100% !important;\r\n\t\t\t  min-height: 100% !important;\r\n\t\t\t  width: auto !important;\r\n\t\t\t  height: auto !important;\r\n\t\t\t  position: absolute !important;\r\n\t\t\t  left: 50% !important;\r\n\t\t\t  top: 50% !important;\r\n\t\t\t  -webkit-transform: translate(-50%, -50%) !important;\r\n\t\t\t  -moz-transform: translate(-50%, -50%) !important;\r\n\t\t\t  -ms-transform: translate(-50%, -50%) !important;\r\n\t\t\t\ttransform: translate(-50%, -50%) !important;\r\n\t\t\t\t}\r\n\t\t\t\t\r\n\t\t\t\t#wpsm_team_3_b_row_851 .wpsm_team_3_member_wrapper{\r\n\t\t\t\tbackground:#ffffff !important;\r\n\t\t\t}\r\n\t\t\t\t\t\t\r\n\t\t\t<\/style>\r\n\t\t\t\t\t\t \r\n\t\t\t\t\t<div class=\"wpsm_col-md-4 wpsm_col-sm-6 wpsm-col-div wpsm_single_team\">\r\n\t\t\t\t\t\t<div class=\"wpsm_team_3_member_wrapper\">\r\n\t\t\t\t\t\t\t<div class=\"wpsm_tram_img_wrap\">\r\n\t\t\t\t\t\t\t  <img decoding=\"async\" class=\"img-responsive wpsm_team_3_mem_img\" src=\"http:\/\/emigracioncastellanayleonesa.es\/wp-content\/uploads\/2022\/02\/Juan_Andres.jpg\" alt=\"Juan Andr\u00e9s Blanco Rodr\u00edguez\">\r\n\t\t\t\t\t\t\t<\/div>\r\n\t\t\t\t\t\t\t\r\n\t\t\t\t\t\t\t<div class=\"wpsm_team_3_member_wrapper_inner\">\r\n\t\t\t\t\t\t\t\t<h3>\r\n\t\t\t\t\t\t\t\t\tJuan Andr\u00e9s Blanco Rodr\u00edguez\t\t\t\t\t\t\t\t\t<div class=\"wpsm_team_3_name_divider\"><\/div>\r\n\t\t\t\t\t\t\t\t<\/h3>\r\n\t\t\t\t\t\t\t\t\t\t\t\t\t\t\t\t<p class=\"wpsm_team_3_b_desc\"> Catedr\u00e1tico de la Universidad de Salamanca en el departamento Historia Medieval, Moderna y Contempor\u00e1nea. Director de la Universidad Nacional de Educaci\u00f3n a distancia, en el Centro de Zamora, entre los a\u00f1os de 1989 y 2021. Su investigaci\u00f3n ha puesto el foco en la Guerra Civil Espa\u00f1ola, la emigraci\u00f3n, las relaciones con Am\u00e9rica y el regionalismo castellano leon\u00e9s.  <\/p> \t\t\t\t\t\t\t\t<div class=\"wpsm_team_3_social_div\">\r\n\t\t\t\t\t\t\t\t\t\t\t\t\t\t\t\t\t\t\t\t\t\t\t\t\t\t\t\t\t\t\t\t\t\t\t\t\t\t\t\t\t\t\t\t<\/div>\r\n\t\t\t\t\t\t\t<\/div>\r\n\t\t\t\t\t\t<\/div>\r\n\t\t\t\t\t<\/div>\r\n\t\t\t\t\t\t\t\t\t\t\t\t\t \r\n\t\t\t\t\t<div class=\"wpsm_col-md-4 wpsm_col-sm-6 wpsm-col-div wpsm_single_team\">\r\n\t\t\t\t\t\t<div class=\"wpsm_team_3_member_wrapper\">\r\n\t\t\t\t\t\t\t<div class=\"wpsm_tram_img_wrap\">\r\n\t\t\t\t\t\t\t  <img decoding=\"async\" class=\"img-responsive wpsm_team_3_mem_img\" src=\"http:\/\/emigracioncastellanayleonesa.es\/wp-content\/uploads\/2022\/02\/Arsenio.jpg\" alt=\"Arsenio Fernando Dacosta Mart\u00ednez\">\r\n\t\t\t\t\t\t\t<\/div>\r\n\t\t\t\t\t\t\t\r\n\t\t\t\t\t\t\t<div class=\"wpsm_team_3_member_wrapper_inner\">\r\n\t\t\t\t\t\t\t\t<h3>\r\n\t\t\t\t\t\t\t\t\tArsenio Fernando Dacosta Mart\u00ednez\t\t\t\t\t\t\t\t\t<div class=\"wpsm_team_3_name_divider\"><\/div>\r\n\t\t\t\t\t\t\t\t<\/h3>\r\n\t\t\t\t\t\t\t\t\t\t\t\t\t\t\t\t<p class=\"wpsm_team_3_b_desc\"> Doctor en Antropolog\u00eda por la UNED y en Historia por la Universidad de Salamanca. Profesor titular en el \u00c1rea de Antropolog\u00eda Social de esta \u00faltima desde 2019. Mantiene relaci\u00f3n docente e investigadora con la UNED de Zamora desde el a\u00f1o 2000. Experto en patrimonio cultural, sus investigaciones actuales abordan la emigraci\u00f3n espa\u00f1ola a Am\u00e9rica y la vinculaci\u00f3n de esta con el territorio de Castilla y Le\u00f3n. <\/p> \t\t\t\t\t\t\t\t<div class=\"wpsm_team_3_social_div\">\r\n\t\t\t\t\t\t\t\t\t\t\t\t\t\t\t\t\t\t\t\t\t\t\t\t\t\t\t\t\t\t\t\t\t\t\t\t\t\t\t\t\t\t\t\t<\/div>\r\n\t\t\t\t\t\t\t<\/div>\r\n\t\t\t\t\t\t<\/div>\r\n\t\t\t\t\t<\/div>\r\n\t\t\t\t\t\t\t\t\t\t\t\t\t \r\n\t\t\t\t\t<div class=\"wpsm_col-md-4 wpsm_col-sm-6 wpsm-col-div wpsm_single_team\">\r\n\t\t\t\t\t\t<div class=\"wpsm_team_3_member_wrapper\">\r\n\t\t\t\t\t\t\t<div class=\"wpsm_tram_img_wrap\">\r\n\t\t\t\t\t\t\t  <img decoding=\"async\" class=\"img-responsive wpsm_team_3_mem_img\" src=\"http:\/\/emigracioncastellanayleonesa.es\/wp-content\/uploads\/2024\/04\/Foto-Pepe.jpg\" alt=\"Jos\u00e9 Ignacio Monteagudo Robledo\">\r\n\t\t\t\t\t\t\t<\/div>\r\n\t\t\t\t\t\t\t\r\n\t\t\t\t\t\t\t<div class=\"wpsm_team_3_member_wrapper_inner\">\r\n\t\t\t\t\t\t\t\t<h3>\r\n\t\t\t\t\t\t\t\t\tJos\u00e9 Ignacio Monteagudo Robledo\t\t\t\t\t\t\t\t\t<div class=\"wpsm_team_3_name_divider\"><\/div>\r\n\t\t\t\t\t\t\t\t<\/h3>\r\n\t\t\t\t\t\t\t\t\t\t\t\t\t\t\t\t<p class=\"wpsm_team_3_b_desc\"> Doctor con menci\u00f3n europea por la Universidad de Salamanca con la tesis doctoral \u201cAntropolog\u00eda y lenguaje en la correspondencia familiar. El contexto discursivo en las cartas de Antonia de Frutos Garc\u00eda (1967-1986)\u201d, ha sido uno de los promotores de los Premios Memoria de la Emigraci\u00f3n desde el Archivo de Escritura Popular Bajo Duero que coordin\u00f3 durante a\u00f1os. Pertenece a la Red de Archivos e Investigadores de la Escritura Popular y ha sido tutor de la UNED de Zamora. Funcionario de la Junta de Castilla y Le\u00f3n en excedencia, actualmente tiene un puesto de profesor e investigador en la Universidade Federal da Integra\u00e7\u00e3o Latino-Americana, en Foz de Igua\u00e7\u00fa (Brasil).\r\n <\/p> \t\t\t\t\t\t\t\t<div class=\"wpsm_team_3_social_div\">\r\n\t\t\t\t\t\t\t\t\t\t\t\t\t\t\t\t\t\t\t\t\t\t\t\t\t\t\t\t\t\t\t\t\t\t\t\t\t\t\t\t\t\t\t\t<\/div>\r\n\t\t\t\t\t\t\t<\/div>\r\n\t\t\t\t\t\t<\/div>\r\n\t\t\t\t\t<\/div>\r\n\t\t\t\t\t\t\t\t\t\t\t<\/div>\r\n\t\t\t\t\t\t<div class=\"wpsm_row\">\r\n\t\t\t\t\t\t\t\t\t\t\t\t\t\t \r\n\t\t\t\t\t<div class=\"wpsm_col-md-4 wpsm_col-sm-6 wpsm-col-div wpsm_single_team\">\r\n\t\t\t\t\t\t<div class=\"wpsm_team_3_member_wrapper\">\r\n\t\t\t\t\t\t\t<div class=\"wpsm_tram_img_wrap\">\r\n\t\t\t\t\t\t\t  <img decoding=\"async\" class=\"img-responsive wpsm_team_3_mem_img\" src=\"http:\/\/emigracioncastellanayleonesa.es\/wp-content\/uploads\/2022\/02\/Jose.jpg\" alt=\"Jos\u00e9 Delgado \u00c1lvarez\">\r\n\t\t\t\t\t\t\t<\/div>\r\n\t\t\t\t\t\t\t\r\n\t\t\t\t\t\t\t<div class=\"wpsm_team_3_member_wrapper_inner\">\r\n\t\t\t\t\t\t\t\t<h3>\r\n\t\t\t\t\t\t\t\t\tJos\u00e9 Delgado \u00c1lvarez\t\t\t\t\t\t\t\t\t<div class=\"wpsm_team_3_name_divider\"><\/div>\r\n\t\t\t\t\t\t\t\t<\/h3>\r\n\t\t\t\t\t\t\t\t\t\t\t\t\t\t\t\t<p class=\"wpsm_team_3_b_desc\"> Doctor en Geograf\u00eda por la UNED. Vinculado al Centro de Zamora, a trav\u00e9s de su colaboraci\u00f3n como investigador y bajo la figura de profesor-tutor, desde el a\u00f1o 2014. Miembro del equipo de investigaci\u00f3n del Centro de Estudios de la Emigraci\u00f3n Castellana y Leonesa. Su l\u00ednea de investigaci\u00f3n aborda el an\u00e1lisis territorial, principalmente en el \u00e1mbito rural, y la din\u00e1mica evolutiva del mismo como respuesta ante los procesos demogr\u00e1ficos cuantificados. <\/p> \t\t\t\t\t\t\t\t<div class=\"wpsm_team_3_social_div\">\r\n\t\t\t\t\t\t\t\t\t\t\t\t\t\t\t\t\t\t\t\t\t\t\t\t\t\t\t\t\t\t\t\t\t\t\t\t\t\t\t\t\t\t\t\t<\/div>\r\n\t\t\t\t\t\t\t<\/div>\r\n\t\t\t\t\t\t<\/div>\r\n\t\t\t\t\t<\/div>\r\n\t\t\t\t\t\t\t\t\t\t\t\t\t \r\n\t\t\t\t\t<div class=\"wpsm_col-md-4 wpsm_col-sm-6 wpsm-col-div wpsm_single_team\">\r\n\t\t\t\t\t\t<div class=\"wpsm_team_3_member_wrapper\">\r\n\t\t\t\t\t\t\t<div class=\"wpsm_tram_img_wrap\">\r\n\t\t\t\t\t\t\t  <img decoding=\"async\" class=\"img-responsive wpsm_team_3_mem_img\" src=\"http:\/\/emigracioncastellanayleonesa.es\/wp-content\/uploads\/2022\/02\/foto_noelia_ribeiro.jpg\" alt=\"Noelia Ribeiro Borges\">\r\n\t\t\t\t\t\t\t<\/div>\r\n\t\t\t\t\t\t\t\r\n\t\t\t\t\t\t\t<div class=\"wpsm_team_3_member_wrapper_inner\">\r\n\t\t\t\t\t\t\t\t<h3>\r\n\t\t\t\t\t\t\t\t\tNoelia Ribeiro Borges\t\t\t\t\t\t\t\t\t<div class=\"wpsm_team_3_name_divider\"><\/div>\r\n\t\t\t\t\t\t\t\t<\/h3>\r\n\t\t\t\t\t\t\t\t\t\t\t\t\t\t\t\t<p class=\"wpsm_team_3_b_desc\"> Licenciada en Geograf\u00eda por la Universidad de Salamanca. Experta en desarrollo rural y agente de empleo. Vinculada al Centro de la UNED de Zamora como profesora-tutora de las \u00e1reas de Geograf\u00eda y Portugu\u00e9s desde 2014. Su l\u00ednea de investigaci\u00f3n aborda el mundo rural y la innovaci\u00f3n docente, Desde 2021 forma parte del grupo de innovaci\u00f3n docente \"Aprender empleando los mapas en l\u00ednea\" siendo \u00e9sta su actual \u00e1rea de investigaci\u00f3n. <\/p> \t\t\t\t\t\t\t\t<div class=\"wpsm_team_3_social_div\">\r\n\t\t\t\t\t\t\t\t\t\t\t\t\t\t\t\t\t\t\t\t\t\t\t\t\t\t\t\t\t\t\t\t\t\t\t\t\t\t\t\t\t\t\t\t<\/div>\r\n\t\t\t\t\t\t\t<\/div>\r\n\t\t\t\t\t\t<\/div>\r\n\t\t\t\t\t<\/div>\r\n\t\t\t\t\t\t\t\t\t\t\t\t\t \r\n\t\t\t\t\t<div class=\"wpsm_col-md-4 wpsm_col-sm-6 wpsm-col-div wpsm_single_team\">\r\n\t\t\t\t\t\t<div class=\"wpsm_team_3_member_wrapper\">\r\n\t\t\t\t\t\t\t<div class=\"wpsm_tram_img_wrap\">\r\n\t\t\t\t\t\t\t  <img decoding=\"async\" class=\"img-responsive wpsm_team_3_mem_img\" src=\"http:\/\/emigracioncastellanayleonesa.es\/wp-content\/uploads\/2024\/11\/Michel2019.jpg\" alt=\"Juan Miguel \u00c1lvarez Dom\u00ednguez\">\r\n\t\t\t\t\t\t\t<\/div>\r\n\t\t\t\t\t\t\t\r\n\t\t\t\t\t\t\t<div class=\"wpsm_team_3_member_wrapper_inner\">\r\n\t\t\t\t\t\t\t\t<h3>\r\n\t\t\t\t\t\t\t\t\tJuan Miguel \u00c1lvarez Dom\u00ednguez\t\t\t\t\t\t\t\t\t<div class=\"wpsm_team_3_name_divider\"><\/div>\r\n\t\t\t\t\t\t\t\t<\/h3>\r\n\t\t\t\t\t\t\t\t\t\t\t\t\t\t\t\t<p class=\"wpsm_team_3_b_desc\"> Doctor en Historia por la Universidad de Salamanca y Licenciado en Periodismo por la Universidad del Pa\u00eds Vasco. Desde el a\u00f1o 2010 ha estado vinculado a nivel investigador y laboral con la UNED de Zamora en diferentes periodos. Ha trabajado en educaci\u00f3n secundaria y en los \u00e1mbitos editorial y period\u00edstico. Sus principales l\u00edneas de estudio en el \u00e1rea hist\u00f3rica se han desarrollado en los campos de la emigraci\u00f3n leonesa y su asociacionismo, el regionalismo leon\u00e9s y los discursos identitarios, as\u00ed como la participaci\u00f3n pol\u00edtica de la mujer durante la Segunda Rep\u00fablica. <\/p> \t\t\t\t\t\t\t\t<div class=\"wpsm_team_3_social_div\">\r\n\t\t\t\t\t\t\t\t\t\t\t\t\t\t\t\t\t\t\t\t\t\t\t\t\t\t\t\t\t\t\t\t\t\t\t\t\t\t\t\t\t\t\t\t<\/div>\r\n\t\t\t\t\t\t\t<\/div>\r\n\t\t\t\t\t\t<\/div>\r\n\t\t\t\t\t<\/div>\r\n\t\t\t\t\t\t\t\t\t\t\t<\/div>\r\n\t\t\t\t\t\t<div class=\"wpsm_row\">\r\n\t\t\t\t\t\t\t\t\t\t\t\t\t\r\n\t\t<\/div>\r\n\t<\/div><\/div>\n\t\t\t\t<\/div>\n\t\t\t\t<\/div>\n\t\t\t\t\t<\/div>\n\t\t<\/div>\n\t\t\t\t\t<\/div>\n\t\t<\/section>\n\t\t\t\t<\/div>\n\t\t","protected":false},"excerpt":{"rendered":"","protected":false},"author":2,"featured_media":0,"parent":0,"menu_order":0,"comment_status":"closed","ping_status":"closed","template":"","meta":[],"_links":{"self":[{"href":"https:\/\/emigracioncastellanayleonesa.es\/index.php\/wp-json\/wp\/v2\/pages\/826"}],"collection":[{"href":"https:\/\/emigracioncastellanayleonesa.es\/index.php\/wp-json\/wp\/v2\/pages"}],"about":[{"href":"https:\/\/emigracioncastellanayleonesa.es\/index.php\/wp-json\/wp\/v2\/types\/page"}],"author":[{"embeddable":true,"href":"https:\/\/emigracioncastellanayleonesa.es\/index.php\/wp-json\/wp\/v2\/users\/2"}],"replies":[{"embeddable":true,"href":"https:\/\/emigracioncastellanayleonesa.es\/index.php\/wp-json\/wp\/v2\/comments?post=826"}],"version-history":[{"count":7,"href":"https:\/\/emigracioncastellanayleonesa.es\/index.php\/wp-json\/wp\/v2\/pages\/826\/revisions"}],"predecessor-version":[{"id":1754,"href":"https:\/\/emigracioncastellanayleonesa.es\/index.php\/wp-json\/wp\/v2\/pages\/826\/revisions\/1754"}],"wp:attachment":[{"href":"https:\/\/emigracioncastellanayleonesa.es\/index.php\/wp-json\/wp\/v2\/media?parent=826"}],"curies":[{"name":"wp","href":"https:\/\/api.w.org\/{rel}","templated":true}]}}